{"id":54207,"date":"2023-02-10T13:15:10","date_gmt":"2023-02-10T12:15:10","guid":{"rendered":"https:\/\/esz.dyncom.de\/presse\/"},"modified":"2024-05-22T15:41:36","modified_gmt":"2024-05-22T13:41:36","slug":"press","status":"publish","type":"page","link":"https:\/\/www.esz-ag.de\/en\/press\/","title":{"rendered":"Press"},"content":{"rendered":"<div class=\"wpb-content-wrapper\"><p>[vc_row][vc_column][vc_column_text]<\/p>\n<h1>Press &amp; News<\/h1>\n<p>[\/vc_column_text][\/vc_column][\/vc_row][vc_row][vc_column][vc_column_text css=&#8221;.vc_custom_1716366767436{margin-bottom: 50px !important;}&#8221;]Stay up to date: All the latest press releases and news from esz AG at a glance[\/vc_column_text][\/vc_column][\/vc_row][vc_row css=&#8221;.vc_custom_1687516734971{margin-bottom: 80px !important;}&#8221;][vc_column]<style>.ld_blog_69f2cde4b578e .liquid-blog-grid{margin-left:-15px;margin-right:-15px;}.ld_blog_69f2cde4b578e .liquid-blog-grid > div{padding-left:15px;padding-right:15px;}.ld_blog_69f2cde4b578e .liquid-blog-grid .liquid-lp{margin-bottom:30px;}.ld_blog_69f2cde4b578e .filter-list{margin-bottom:px;}.ld_blog_69f2cde4b578e .liquid-blog-item .liquid-lp-title,.ld_blog_69f2cde4b578e .liquid-lp .liquid-lp-title{margin-top:px;margin-bottom:px;}<\/style><div data-filter-id=\"1687516284104-c783f4d7-12df\" class=\"liquid-blog-posts ld_blog_69f2cde4b578e 1687516284104-51f374ae-6567 \" data-post-per-page=\"10\"><div class=\"liquid-blog-grid row\"><div class=\"col-md-12\"><article id=\"post-873\" class=\"liquid-lp post-873 post type-post status-publish format-standard has-post-thumbnail hentry category-unkategorisiert\"><figure class=\"liquid-lp-media \"  ><a href=\"https:\/\/www.esz-ag.de\/en\/presse\/esz-ag-bietet-kalibrierungen-nach-auek-vorgaben\/\"><img loading=\"lazy\" decoding=\"async\" width=\"1140\" height=\"600\" src=\"data:image\/svg+xml;charset=utf-8,&lt;svg xmlns%3D&#039;http%3A%2F%2Fwww.w3.org%2F2000%2Fsvg&#039; viewBox%3D&#039;0 0 1140 600&#039;%2F&gt;\" class=\"attachment-liquid-featured-blog size-liquid-featured-blog ld-lazyload wp-post-image\" alt=\"&quot;&quot;\" data-src=\"https:\/\/www.esz-ag.de\/wp-content\/uploads\/placeholder_news-1140x600.jpg\" data-aspect=\"1.9\" srcset=\"\" title=\"\"><\/a><\/figure><a href=\"https:\/\/www.esz-ag.de\/en\/presse\/esz-ag-bietet-kalibrierungen-nach-auek-vorgaben\/\" class=\"liquid-overlay-link\">esz AG unterst\u00fctzt Eichenauer Kranken- und Altenpflegeverein<\/a><div>\n<header class=\"liquid-lp-header\">\n\t<h2 class=\"entry-title liquid-lp-title h4\"><a href=\"https:\/\/www.esz-ag.de\/en\/presse\/esz-ag-bietet-kalibrierungen-nach-auek-vorgaben\/\" rel=\"bookmark\">esz AG unterst\u00fctzt Eichenauer Kranken- und Altenpflegeverein<\/a><\/h2>\t<time class=\"published updated liquid-lp-date text-uppercase size-sm\" datetime=\"2022-03-27T16:14:21+02:00\">27. March 2022<\/time><\/header>\n\n\t\t\t<div class=\"liquid-lp-excerpt entry-summary \">\n\t\t\t\t<p>Die esz AG calibration &amp; metrology spendet 2.000 \u20ac an den Kranken- und Altenpflegeverein Eichenau&#8230;.<\/p>\n\t\t\t<\/div><!-- \/.latest-post-excerpt -->\n\t\t\n<footer class=\"liquid-lp-footer\">\n\t<a href=\"https:\/\/www.esz-ag.de\/en\/presse\/esz-ag-bietet-kalibrierungen-nach-auek-vorgaben\/\" class=\"btn btn-default btn-sm circle btn-bordered border-thin liquid-lp-read-more\">\n\t\t<span>\n\t\t\t<span class=\"btn-txt\">Read more<\/span>\n\t\t\t<span class=\"btn-icon\">\n\t\t\t\t<i class=\"fa fa-long-arrow-right\"><\/i>\n\t\t\t<\/span>\n\t\t<\/span>\n\t<\/a>\n<\/footer>\n  <\/div><\/article><\/div><\/div><!--\/ .row --><\/div><!--\/ .liquid-blog-posts -->[\/vc_column][\/vc_row][vc_row css=&#8221;.vc_custom_1681467434700{margin-bottom: 140px !important;}&#8221;][vc_column]<style>.ld_blog_69f2cde4bcb09 .liquid-blog-grid{margin-left:-15px;margin-right:-15px;}.ld_blog_69f2cde4bcb09 .liquid-blog-grid > div{padding-left:15px;padding-right:15px;}.ld_blog_69f2cde4bcb09 .liquid-blog-grid .liquid-lp{margin-bottom:30px;}.ld_blog_69f2cde4bcb09 .filter-list{margin-bottom:px;}.ld_blog_69f2cde4bcb09 .liquid-blog-item .liquid-lp-title,.ld_blog_69f2cde4bcb09 .liquid-lp .liquid-lp-title{margin-top:px;margin-bottom:px;}<\/style><div data-filter-id=\"ld-1687516720102-cef058d7-2d3a\" class=\"liquid-blog-posts ld_blog_69f2cde4bcb09 ld-1687516720102-0150213e-adba \" data-post-per-page=\"12\"><div class=\"liquid-blog-grid row\"><div class=\"col-md-4\"><article id=\"post-60162\" class=\"liquid-lp post-60162 post type-post status-publish format-link has-post-thumbnail hentry category-unkategorisiert post_format-post-format-link\"><figure class=\"liquid-lp-media \"  ><a target=\"_blank\" href=\"https:\/\/www.linkedin.com\/posts\/eszag-kalibrierservice-reparatur-share-7454542273788358656-9Xww?utm_source=share&#038;utm_medium=member_desktop&#038;rcm=ACoAADMd1nAB2FaZ8HDgZ72uM-JhgeLXGBYY9OU\" rel=\"noopener\"><img loading=\"lazy\" decoding=\"async\" width=\"1140\" height=\"600\" src=\"data:image\/svg+xml;charset=utf-8,&lt;svg xmlns%3D&#039;http%3A%2F%2Fwww.w3.org%2F2000%2Fsvg&#039; viewBox%3D&#039;0 0 1140 600&#039;%2F&gt;\" class=\"attachment-liquid-featured-blog size-liquid-featured-blog ld-lazyload wp-post-image\" alt=\"News LinkedIn\" data-src=\"https:\/\/www.esz-ag.de\/wp-content\/uploads\/template-LinkedIn-Presseseite_quadratisch-grey-1140x600.jpg\" data-aspect=\"1.9\" srcset=\"\" title=\"\"><\/a><\/figure><a target=\"_blank\" href=\"https:\/\/www.linkedin.com\/posts\/eszag-kalibrierservice-reparatur-share-7454542273788358656-9Xww?utm_source=share&#038;utm_medium=member_desktop&#038;rcm=ACoAADMd1nAB2FaZ8HDgZ72uM-JhgeLXGBYY9OU\" class=\"liquid-overlay-link\" rel=\"noopener\">Reparatur oder Ersatz? Die wirtschaftlich richtige Entscheidung<\/a><div>\n<header class=\"liquid-lp-header\">\n\t<h2 class=\"entry-title liquid-lp-title h4\"><a target=\"_blank\" href=\"https:\/\/www.linkedin.com\/posts\/eszag-kalibrierservice-reparatur-share-7454542273788358656-9Xww?utm_source=share&#038;utm_medium=member_desktop&#038;rcm=ACoAADMd1nAB2FaZ8HDgZ72uM-JhgeLXGBYY9OU\" rel=\"bookmark noopener\">Reparatur oder Ersatz? Die wirtschaftlich richtige Entscheidung<\/a><\/h2>\t<time class=\"published updated liquid-lp-date text-uppercase size-sm\" datetime=\"2026-04-28T09:19:03+02:00\">28. April 2026<\/time><\/header>\n\n\t\t\t<div class=\"liquid-lp-excerpt entry-summary \">\n\t\t\t\t<p>Wissen Sie, wie viel Budget Sie j\u00e4hrlich durch unn\u00f6tige Ersatzk\u00e4ufe verlieren \u2013 obwohl eine Reparatur&#8230;<\/p>\n\t\t\t<\/div><!-- \/.latest-post-excerpt -->\n\t\t\n<footer class=\"liquid-lp-footer\">\n\t<a href=\"https:\/\/www.linkedin.com\/posts\/eszag-kalibrierservice-reparatur-share-7454542273788358656-9Xww?utm_source=share&#038;utm_medium=member_desktop&#038;rcm=ACoAADMd1nAB2FaZ8HDgZ72uM-JhgeLXGBYY9OU\" class=\"btn btn-default btn-sm circle btn-bordered border-thin liquid-lp-read-more\" target=\"_blank\" rel=\"noopener\">\n\t\t<span>\n\t\t\t<span class=\"btn-txt\">Read more<\/span>\n\t\t\t<span class=\"btn-icon\">\n\t\t\t\t<i class=\"fa fa-long-arrow-right\"><\/i>\n\t\t\t<\/span>\n\t\t<\/span>\n\t<\/a>\n<\/footer>\n  <\/div><\/article><\/div><div class=\"col-md-4\"><article id=\"post-60118\" class=\"liquid-lp post-60118 post type-post status-publish format-link has-post-thumbnail hentry category-unkategorisiert post_format-post-format-link\"><figure class=\"liquid-lp-media \"  ><a target=\"_blank\" href=\"https:\/\/www.linkedin.com\/posts\/eszag-kalibrierzertifikat-messbedingungen-share-7452699277774217216-LDFQ\/?utm_source=share&#038;utm_medium=member_desktop&#038;rcm=ACoAADMd1nAB2FaZ8HDgZ72uM-JhgeLXGBYY9OU\" rel=\"noopener\"><img loading=\"lazy\" decoding=\"async\" width=\"1140\" height=\"600\" src=\"data:image\/svg+xml;charset=utf-8,&lt;svg xmlns%3D&#039;http%3A%2F%2Fwww.w3.org%2F2000%2Fsvg&#039; viewBox%3D&#039;0 0 1140 600&#039;%2F&gt;\" class=\"attachment-liquid-featured-blog size-liquid-featured-blog ld-lazyload wp-post-image\" alt=\"News LinkedIn\" data-src=\"https:\/\/www.esz-ag.de\/wp-content\/uploads\/template-LinkedIn-Presseseite_quadratisch-grey-1140x600.jpg\" data-aspect=\"1.9\" srcset=\"\" title=\"\"><\/a><\/figure><a target=\"_blank\" href=\"https:\/\/www.linkedin.com\/posts\/eszag-kalibrierzertifikat-messbedingungen-share-7452699277774217216-LDFQ\/?utm_source=share&#038;utm_medium=member_desktop&#038;rcm=ACoAADMd1nAB2FaZ8HDgZ72uM-JhgeLXGBYY9OU\" class=\"liquid-overlay-link\" rel=\"noopener\">Was steht eigentlich im esz-Kalibrierzertifikat?<\/a><div>\n<header class=\"liquid-lp-header\">\n\t<h2 class=\"entry-title liquid-lp-title h4\"><a target=\"_blank\" href=\"https:\/\/www.linkedin.com\/posts\/eszag-kalibrierzertifikat-messbedingungen-share-7452699277774217216-LDFQ\/?utm_source=share&#038;utm_medium=member_desktop&#038;rcm=ACoAADMd1nAB2FaZ8HDgZ72uM-JhgeLXGBYY9OU\" rel=\"bookmark noopener\">Was steht eigentlich im esz-Kalibrierzertifikat?<\/a><\/h2>\t<time class=\"published updated liquid-lp-date text-uppercase size-sm\" datetime=\"2026-04-23T08:48:18+02:00\">23. April 2026<\/time><\/header>\n\n\t\t\t<div class=\"liquid-lp-excerpt entry-summary \">\n\t\t\t\t<p>Teil 1: Messwerte der UmgebungsbedingungenKalibrierzertifikate der esz AG enthalten Informationen zu Kalibriergegenstand und -verfahren, Ort&#8230;<\/p>\n\t\t\t<\/div><!-- \/.latest-post-excerpt -->\n\t\t\n<footer class=\"liquid-lp-footer\">\n\t<a href=\"https:\/\/www.linkedin.com\/posts\/eszag-kalibrierzertifikat-messbedingungen-share-7452699277774217216-LDFQ\/?utm_source=share&#038;utm_medium=member_desktop&#038;rcm=ACoAADMd1nAB2FaZ8HDgZ72uM-JhgeLXGBYY9OU\" class=\"btn btn-default btn-sm circle btn-bordered border-thin liquid-lp-read-more\" target=\"_blank\" rel=\"noopener\">\n\t\t<span>\n\t\t\t<span class=\"btn-txt\">Read more<\/span>\n\t\t\t<span class=\"btn-icon\">\n\t\t\t\t<i class=\"fa fa-long-arrow-right\"><\/i>\n\t\t\t<\/span>\n\t\t<\/span>\n\t<\/a>\n<\/footer>\n  <\/div><\/article><\/div><div class=\"col-md-4\"><article id=\"post-60077\" class=\"liquid-lp post-60077 post type-post status-publish format-link has-post-thumbnail hentry category-unkategorisiert post_format-post-format-link\"><figure class=\"liquid-lp-media \"  ><a target=\"_blank\" href=\"https:\/\/www.linkedin.com\/posts\/eszag-firmenkultur-geburtstag-ugcPost-7451978293869780992-X4GH\/?utm_source=share&#038;utm_medium=member_desktop&#038;rcm=ACoAADMd1nAB2FaZ8HDgZ72uM-JhgeLXGBYY9OU\" rel=\"noopener\"><img loading=\"lazy\" decoding=\"async\" width=\"1140\" height=\"600\" src=\"data:image\/svg+xml;charset=utf-8,&lt;svg xmlns%3D&#039;http%3A%2F%2Fwww.w3.org%2F2000%2Fsvg&#039; viewBox%3D&#039;0 0 1140 600&#039;%2F&gt;\" class=\"attachment-liquid-featured-blog size-liquid-featured-blog ld-lazyload wp-post-image\" alt=\"News LinkedIn\" data-src=\"https:\/\/www.esz-ag.de\/wp-content\/uploads\/template-LinkedIn-Presseseite_quadratisch-grey-1140x600.jpg\" data-aspect=\"1.9\" srcset=\"\" title=\"\"><\/a><\/figure><a target=\"_blank\" href=\"https:\/\/www.linkedin.com\/posts\/eszag-firmenkultur-geburtstag-ugcPost-7451978293869780992-X4GH\/?utm_source=share&#038;utm_medium=member_desktop&#038;rcm=ACoAADMd1nAB2FaZ8HDgZ72uM-JhgeLXGBYY9OU\" class=\"liquid-overlay-link\" rel=\"noopener\">Partyalarm\u00a0in esz-Caf\u00e9 \u201cThe Bean\u201d!<\/a><div>\n<header class=\"liquid-lp-header\">\n\t<h2 class=\"entry-title liquid-lp-title h4\"><a target=\"_blank\" href=\"https:\/\/www.linkedin.com\/posts\/eszag-firmenkultur-geburtstag-ugcPost-7451978293869780992-X4GH\/?utm_source=share&#038;utm_medium=member_desktop&#038;rcm=ACoAADMd1nAB2FaZ8HDgZ72uM-JhgeLXGBYY9OU\" rel=\"bookmark noopener\">Partyalarm\u00a0in esz-Caf\u00e9 \u201cThe Bean\u201d!<\/a><\/h2>\t<time class=\"published updated liquid-lp-date text-uppercase size-sm\" datetime=\"2026-04-20T15:22:20+02:00\">20. April 2026<\/time><\/header>\n\n\t\t\t<div class=\"liquid-lp-excerpt entry-summary \">\n\t\t\t\t<p>Unsere\u00a0Bistrochefin\u00a0Kathrin Fleischmann sowie unser GL Philip M. Fleischmann feierten vor Kurzem ihren\u00a050. Geburtstag.\u00a0Aus diesem Anlass&#8230;<\/p>\n\t\t\t<\/div><!-- \/.latest-post-excerpt -->\n\t\t\n<footer class=\"liquid-lp-footer\">\n\t<a href=\"https:\/\/www.linkedin.com\/posts\/eszag-firmenkultur-geburtstag-ugcPost-7451978293869780992-X4GH\/?utm_source=share&#038;utm_medium=member_desktop&#038;rcm=ACoAADMd1nAB2FaZ8HDgZ72uM-JhgeLXGBYY9OU\" class=\"btn btn-default btn-sm circle btn-bordered border-thin liquid-lp-read-more\" target=\"_blank\" rel=\"noopener\">\n\t\t<span>\n\t\t\t<span class=\"btn-txt\">Read more<\/span>\n\t\t\t<span class=\"btn-icon\">\n\t\t\t\t<i class=\"fa fa-long-arrow-right\"><\/i>\n\t\t\t<\/span>\n\t\t<\/span>\n\t<\/a>\n<\/footer>\n  <\/div><\/article><\/div><div class=\"col-md-4\"><article id=\"post-60015\" class=\"liquid-lp post-60015 post type-post status-publish format-link has-post-thumbnail hentry category-unkategorisiert post_format-post-format-link\"><figure class=\"liquid-lp-media \"  ><a target=\"_blank\" href=\"https:\/\/www.linkedin.com\/posts\/eszag-eignungspraesfung-laborqualitaeut-share-7450172658174054400-v4bE\/?utm_source=share&#038;utm_medium=member_desktop&#038;rcm=ACoAADMd1nAB2FaZ8HDgZ72uM-JhgeLXGBYY9OU\" rel=\"noopener\"><img loading=\"lazy\" decoding=\"async\" width=\"1140\" height=\"600\" src=\"data:image\/svg+xml;charset=utf-8,&lt;svg xmlns%3D&#039;http%3A%2F%2Fwww.w3.org%2F2000%2Fsvg&#039; viewBox%3D&#039;0 0 1140 600&#039;%2F&gt;\" class=\"attachment-liquid-featured-blog size-liquid-featured-blog ld-lazyload wp-post-image\" alt=\"News LinkedIn\" data-src=\"https:\/\/www.esz-ag.de\/wp-content\/uploads\/template-LinkedIn-Presseseite_quadratisch-grey-1140x600.jpg\" data-aspect=\"1.9\" srcset=\"\" title=\"\"><\/a><\/figure><a target=\"_blank\" href=\"https:\/\/www.linkedin.com\/posts\/eszag-eignungspraesfung-laborqualitaeut-share-7450172658174054400-v4bE\/?utm_source=share&#038;utm_medium=member_desktop&#038;rcm=ACoAADMd1nAB2FaZ8HDgZ72uM-JhgeLXGBYY9OU\" class=\"liquid-overlay-link\" rel=\"noopener\">Eignungspr\u00fcfungen bieten eine verl\u00e4ssliche L\u00f6sung<\/a><div>\n<header class=\"liquid-lp-header\">\n\t<h2 class=\"entry-title liquid-lp-title h4\"><a target=\"_blank\" href=\"https:\/\/www.linkedin.com\/posts\/eszag-eignungspraesfung-laborqualitaeut-share-7450172658174054400-v4bE\/?utm_source=share&#038;utm_medium=member_desktop&#038;rcm=ACoAADMd1nAB2FaZ8HDgZ72uM-JhgeLXGBYY9OU\" rel=\"bookmark noopener\">Eignungspr\u00fcfungen bieten eine verl\u00e4ssliche L\u00f6sung<\/a><\/h2>\t<time class=\"published updated liquid-lp-date text-uppercase size-sm\" datetime=\"2026-04-16T09:16:42+02:00\">16. April 2026<\/time><\/header>\n\n\t\t\t<div class=\"liquid-lp-excerpt entry-summary \">\n\t\t\t\t<p>Wie aussagekr\u00e4ftig sind Ihre Messergebnisse, wenn der externe Vergleich fehlt und Abweichungen m\u00f6glicherweise unentdeckt bleiben?\u00a0\u00a0Kalibrierlabore&#8230;<\/p>\n\t\t\t<\/div><!-- \/.latest-post-excerpt -->\n\t\t\n<footer class=\"liquid-lp-footer\">\n\t<a href=\"https:\/\/www.linkedin.com\/posts\/eszag-eignungspraesfung-laborqualitaeut-share-7450172658174054400-v4bE\/?utm_source=share&#038;utm_medium=member_desktop&#038;rcm=ACoAADMd1nAB2FaZ8HDgZ72uM-JhgeLXGBYY9OU\" class=\"btn btn-default btn-sm circle btn-bordered border-thin liquid-lp-read-more\" target=\"_blank\" rel=\"noopener\">\n\t\t<span>\n\t\t\t<span class=\"btn-txt\">Read more<\/span>\n\t\t\t<span class=\"btn-icon\">\n\t\t\t\t<i class=\"fa fa-long-arrow-right\"><\/i>\n\t\t\t<\/span>\n\t\t<\/span>\n\t<\/a>\n<\/footer>\n  <\/div><\/article><\/div><div class=\"col-md-4\"><article id=\"post-60001\" class=\"liquid-lp post-60001 post type-post status-publish format-link has-post-thumbnail hentry category-unkategorisiert post_format-post-format-link\"><figure class=\"liquid-lp-media \"  ><a target=\"_blank\" href=\"https:\/\/www.linkedin.com\/feed\/update\/urn:li:activity:7449709361163124736\/\" rel=\"noopener\"><img loading=\"lazy\" decoding=\"async\" width=\"1140\" height=\"600\" src=\"data:image\/svg+xml;charset=utf-8,&lt;svg xmlns%3D&#039;http%3A%2F%2Fwww.w3.org%2F2000%2Fsvg&#039; viewBox%3D&#039;0 0 1140 600&#039;%2F&gt;\" class=\"attachment-liquid-featured-blog size-liquid-featured-blog ld-lazyload wp-post-image\" alt=\"News LinkedIn\" data-src=\"https:\/\/www.esz-ag.de\/wp-content\/uploads\/template-LinkedIn-Presseseite_quadratisch-grey-1140x600.jpg\" data-aspect=\"1.9\" srcset=\"\" title=\"\"><\/a><\/figure><a target=\"_blank\" href=\"https:\/\/www.linkedin.com\/feed\/update\/urn:li:activity:7449709361163124736\/\" class=\"liquid-overlay-link\" rel=\"noopener\">Zertifizierung f\u00fcr esz-Umweltmanagementsystem<\/a><div>\n<header class=\"liquid-lp-header\">\n\t<h2 class=\"entry-title liquid-lp-title h4\"><a target=\"_blank\" href=\"https:\/\/www.linkedin.com\/feed\/update\/urn:li:activity:7449709361163124736\/\" rel=\"bookmark noopener\">Zertifizierung f\u00fcr esz-Umweltmanagementsystem<\/a><\/h2>\t<time class=\"published updated liquid-lp-date text-uppercase size-sm\" datetime=\"2026-04-14T12:40:00+02:00\">14. April 2026<\/time><\/header>\n\n\t\t\t<div class=\"liquid-lp-excerpt entry-summary \">\n\t\t\t\t<p>Gute Nachrichten f\u00fcr das esz-Umweltmanagementsystem: unsere Zertifizierung wurde best\u00e4tigt!\u00a0Vor einigen Tagen durften wir Jochen Kempf&#8230;<\/p>\n\t\t\t<\/div><!-- \/.latest-post-excerpt -->\n\t\t\n<footer class=\"liquid-lp-footer\">\n\t<a href=\"https:\/\/www.linkedin.com\/feed\/update\/urn:li:activity:7449709361163124736\/\" class=\"btn btn-default btn-sm circle btn-bordered border-thin liquid-lp-read-more\" target=\"_blank\" rel=\"noopener\">\n\t\t<span>\n\t\t\t<span class=\"btn-txt\">Read more<\/span>\n\t\t\t<span class=\"btn-icon\">\n\t\t\t\t<i class=\"fa fa-long-arrow-right\"><\/i>\n\t\t\t<\/span>\n\t\t<\/span>\n\t<\/a>\n<\/footer>\n  <\/div><\/article><\/div><div class=\"col-md-4\"><article id=\"post-59967\" class=\"liquid-lp post-59967 post type-post status-publish format-link has-post-thumbnail hentry category-unkategorisiert post_format-post-format-link\"><figure class=\"liquid-lp-media \"  ><a target=\"_blank\" href=\"https:\/\/www.linkedin.com\/posts\/eszag-funfact-naturkonstante-share-7447218368325120001-4E2T\/?utm_source=share&#038;utm_medium=member_desktop&#038;rcm=ACoAADMd1nAB2FaZ8HDgZ72uM-JhgeLXGBYY9OU\" rel=\"noopener\"><img loading=\"lazy\" decoding=\"async\" width=\"1140\" height=\"600\" src=\"data:image\/svg+xml;charset=utf-8,&lt;svg xmlns%3D&#039;http%3A%2F%2Fwww.w3.org%2F2000%2Fsvg&#039; viewBox%3D&#039;0 0 1140 600&#039;%2F&gt;\" class=\"attachment-liquid-featured-blog size-liquid-featured-blog ld-lazyload wp-post-image\" alt=\"News LinkedIn\" data-src=\"https:\/\/www.esz-ag.de\/wp-content\/uploads\/template-LinkedIn-Presseseite_quadratisch-grey-1140x600.jpg\" data-aspect=\"1.9\" srcset=\"\" title=\"\"><\/a><\/figure><a target=\"_blank\" href=\"https:\/\/www.linkedin.com\/posts\/eszag-funfact-naturkonstante-share-7447218368325120001-4E2T\/?utm_source=share&#038;utm_medium=member_desktop&#038;rcm=ACoAADMd1nAB2FaZ8HDgZ72uM-JhgeLXGBYY9OU\" class=\"liquid-overlay-link\" rel=\"noopener\">Fun Fact: Das Ur-Kilogramm hat \u00fcber die Jahre an Masse verloren\u00a0<\/a><div>\n<header class=\"liquid-lp-header\">\n\t<h2 class=\"entry-title liquid-lp-title h4\"><a target=\"_blank\" href=\"https:\/\/www.linkedin.com\/posts\/eszag-funfact-naturkonstante-share-7447218368325120001-4E2T\/?utm_source=share&#038;utm_medium=member_desktop&#038;rcm=ACoAADMd1nAB2FaZ8HDgZ72uM-JhgeLXGBYY9OU\" rel=\"bookmark noopener\">Fun Fact: Das Ur-Kilogramm hat \u00fcber die Jahre an Masse verloren\u00a0<\/a><\/h2>\t<time class=\"published updated liquid-lp-date text-uppercase size-sm\" datetime=\"2026-04-09T09:46:24+02:00\">9. April 2026<\/time><\/header>\n\n\t\t\t<div class=\"liquid-lp-excerpt entry-summary \">\n\t\t\t\t<p>Wussten Sie, dass das urspr\u00fcngliche Ur\u2011Kilogramm aus dem Jahr 1889 im Laufe der Zeit rund&#8230;<\/p>\n\t\t\t<\/div><!-- \/.latest-post-excerpt -->\n\t\t\n<footer class=\"liquid-lp-footer\">\n\t<a href=\"https:\/\/www.linkedin.com\/posts\/eszag-funfact-naturkonstante-share-7447218368325120001-4E2T\/?utm_source=share&#038;utm_medium=member_desktop&#038;rcm=ACoAADMd1nAB2FaZ8HDgZ72uM-JhgeLXGBYY9OU\" class=\"btn btn-default btn-sm circle btn-bordered border-thin liquid-lp-read-more\" target=\"_blank\" rel=\"noopener\">\n\t\t<span>\n\t\t\t<span class=\"btn-txt\">Read more<\/span>\n\t\t\t<span class=\"btn-icon\">\n\t\t\t\t<i class=\"fa fa-long-arrow-right\"><\/i>\n\t\t\t<\/span>\n\t\t<\/span>\n\t<\/a>\n<\/footer>\n  <\/div><\/article><\/div><div class=\"col-md-4\"><article id=\"post-59942\" class=\"liquid-lp post-59942 post type-post status-publish format-link has-post-thumbnail hentry category-unkategorisiert post_format-post-format-link\"><figure class=\"liquid-lp-media \"  ><a target=\"_blank\" href=\"https:\/\/www.linkedin.com\/feed\/update\/urn:li:activity:7447216259492036608\/\" rel=\"noopener\"><img loading=\"lazy\" decoding=\"async\" width=\"1140\" height=\"600\" src=\"data:image\/svg+xml;charset=utf-8,&lt;svg xmlns%3D&#039;http%3A%2F%2Fwww.w3.org%2F2000%2Fsvg&#039; viewBox%3D&#039;0 0 1140 600&#039;%2F&gt;\" class=\"attachment-liquid-featured-blog size-liquid-featured-blog ld-lazyload wp-post-image\" alt=\"News LinkedIn\" data-src=\"https:\/\/www.esz-ag.de\/wp-content\/uploads\/template-LinkedIn-Presseseite_quadratisch-grey-1140x600.jpg\" data-aspect=\"1.9\" srcset=\"\" title=\"\"><\/a><\/figure><a target=\"_blank\" href=\"https:\/\/www.linkedin.com\/feed\/update\/urn:li:activity:7447216259492036608\/\" class=\"liquid-overlay-link\" rel=\"noopener\">Wir kl\u00e4ren auf!\u00a0DAkkS- oder ISO?<\/a><div>\n<header class=\"liquid-lp-header\">\n\t<h2 class=\"entry-title liquid-lp-title h4\"><a target=\"_blank\" href=\"https:\/\/www.linkedin.com\/feed\/update\/urn:li:activity:7447216259492036608\/\" rel=\"bookmark noopener\">Wir kl\u00e4ren auf!\u00a0DAkkS- oder ISO?<\/a><\/h2>\t<time class=\"published updated liquid-lp-date text-uppercase size-sm\" datetime=\"2026-04-07T14:08:19+02:00\">7. April 2026<\/time><\/header>\n\n\t\t\t<div class=\"liquid-lp-excerpt entry-summary \">\n\t\t\t\t<p>Eine DAkkS-Kalibrierung gilt h\u00e4ufig als das Ma\u00df der Dinge, ist aber nicht immer n\u00f6tig und&#8230;<\/p>\n\t\t\t<\/div><!-- \/.latest-post-excerpt -->\n\t\t\n<footer class=\"liquid-lp-footer\">\n\t<a href=\"https:\/\/www.linkedin.com\/feed\/update\/urn:li:activity:7447216259492036608\/\" class=\"btn btn-default btn-sm circle btn-bordered border-thin liquid-lp-read-more\" target=\"_blank\" rel=\"noopener\">\n\t\t<span>\n\t\t\t<span class=\"btn-txt\">Read more<\/span>\n\t\t\t<span class=\"btn-icon\">\n\t\t\t\t<i class=\"fa fa-long-arrow-right\"><\/i>\n\t\t\t<\/span>\n\t\t<\/span>\n\t<\/a>\n<\/footer>\n  <\/div><\/article><\/div><div class=\"col-md-4\"><article id=\"post-59884\" class=\"liquid-lp post-59884 post type-post status-publish format-link has-post-thumbnail hentry category-unkategorisiert post_format-post-format-link\"><figure class=\"liquid-lp-media \"  ><a target=\"_blank\" href=\"https:\/\/www.linkedin.com\/feed\/update\/urn:li:activity:7445374286829092866\/\" rel=\"noopener\"><img loading=\"lazy\" decoding=\"async\" width=\"1140\" height=\"600\" src=\"data:image\/svg+xml;charset=utf-8,&lt;svg xmlns%3D&#039;http%3A%2F%2Fwww.w3.org%2F2000%2Fsvg&#039; viewBox%3D&#039;0 0 1140 600&#039;%2F&gt;\" class=\"attachment-liquid-featured-blog size-liquid-featured-blog ld-lazyload wp-post-image\" alt=\"News LinkedIn\" data-src=\"https:\/\/www.esz-ag.de\/wp-content\/uploads\/template-LinkedIn-Presseseite_quadratisch-grey-1140x600.jpg\" data-aspect=\"1.9\" srcset=\"\" title=\"\"><\/a><\/figure><a target=\"_blank\" href=\"https:\/\/www.linkedin.com\/feed\/update\/urn:li:activity:7445374286829092866\/\" class=\"liquid-overlay-link\" rel=\"noopener\">Frohe Ostern von der esz AG<\/a><div>\n<header class=\"liquid-lp-header\">\n\t<h2 class=\"entry-title liquid-lp-title h4\"><a target=\"_blank\" href=\"https:\/\/www.linkedin.com\/feed\/update\/urn:li:activity:7445374286829092866\/\" rel=\"bookmark noopener\">Frohe Ostern von der esz AG<\/a><\/h2>\t<time class=\"published updated liquid-lp-date text-uppercase size-sm\" datetime=\"2026-04-02T11:26:29+02:00\">2. April 2026<\/time><\/header>\n\n\t\t\t<div class=\"liquid-lp-excerpt entry-summary \">\n\t\t\t\t<p>Der Osterhase hat pers\u00f6nlich bei uns vorbeigeschaut und ist, unterst\u00fctzt von unseren flei\u00dfigen Kolleginnen und&#8230;<\/p>\n\t\t\t<\/div><!-- \/.latest-post-excerpt -->\n\t\t\n<footer class=\"liquid-lp-footer\">\n\t<a href=\"https:\/\/www.linkedin.com\/feed\/update\/urn:li:activity:7445374286829092866\/\" class=\"btn btn-default btn-sm circle btn-bordered border-thin liquid-lp-read-more\" target=\"_blank\" rel=\"noopener\">\n\t\t<span>\n\t\t\t<span class=\"btn-txt\">Read more<\/span>\n\t\t\t<span class=\"btn-icon\">\n\t\t\t\t<i class=\"fa fa-long-arrow-right\"><\/i>\n\t\t\t<\/span>\n\t\t<\/span>\n\t<\/a>\n<\/footer>\n  <\/div><\/article><\/div><div class=\"col-md-4\"><article id=\"post-59853\" class=\"liquid-lp post-59853 post type-post status-publish format-link has-post-thumbnail hentry category-unkategorisiert post_format-post-format-link\"><figure class=\"liquid-lp-media \"  ><a target=\"_blank\" href=\"https:\/\/www.linkedin.com\/posts\/eszag-kalibrierservice-vorortkalibrierung-ugcPost-7444631706076291072-vC3G?utm_source=share&#038;utm_medium=member_desktop&#038;rcm=ACoAADMd1nAB2FaZ8HDgZ72uM-JhgeLXGBYY9OU\" rel=\"noopener\"><img loading=\"lazy\" decoding=\"async\" width=\"1140\" height=\"600\" src=\"data:image\/svg+xml;charset=utf-8,&lt;svg xmlns%3D&#039;http%3A%2F%2Fwww.w3.org%2F2000%2Fsvg&#039; viewBox%3D&#039;0 0 1140 600&#039;%2F&gt;\" class=\"attachment-liquid-featured-blog size-liquid-featured-blog ld-lazyload wp-post-image\" alt=\"News LinkedIn\" data-src=\"https:\/\/www.esz-ag.de\/wp-content\/uploads\/template-LinkedIn-Presseseite_quadratisch-grey-1140x600.jpg\" data-aspect=\"1.9\" srcset=\"\" title=\"\"><\/a><\/figure><a target=\"_blank\" href=\"https:\/\/www.linkedin.com\/posts\/eszag-kalibrierservice-vorortkalibrierung-ugcPost-7444631706076291072-vC3G?utm_source=share&#038;utm_medium=member_desktop&#038;rcm=ACoAADMd1nAB2FaZ8HDgZ72uM-JhgeLXGBYY9OU\" class=\"liquid-overlay-link\" rel=\"noopener\">Vor-Ort-Kalibrierung der esz AG<\/a><div>\n<header class=\"liquid-lp-header\">\n\t<h2 class=\"entry-title liquid-lp-title h4\"><a target=\"_blank\" href=\"https:\/\/www.linkedin.com\/posts\/eszag-kalibrierservice-vorortkalibrierung-ugcPost-7444631706076291072-vC3G?utm_source=share&#038;utm_medium=member_desktop&#038;rcm=ACoAADMd1nAB2FaZ8HDgZ72uM-JhgeLXGBYY9OU\" rel=\"bookmark noopener\">Vor-Ort-Kalibrierung der esz AG<\/a><\/h2>\t<time class=\"published updated liquid-lp-date text-uppercase size-sm\" datetime=\"2026-03-31T08:43:46+02:00\">31. March 2026<\/time><\/header>\n\n\t\t\t<div class=\"liquid-lp-excerpt entry-summary \">\n\t\t\t\t<p>Wie viel Produktivit\u00e4t geht verloren, weil h\u00e4ufig eingesetzte Messger\u00e4te\u00a0oder\u00a0ganze Pr\u00fcfmittelbest\u00e4nde\u00a0eingeschickt werden? F\u00fcr viele Unternehmen ist&#8230;<\/p>\n\t\t\t<\/div><!-- \/.latest-post-excerpt -->\n\t\t\n<footer class=\"liquid-lp-footer\">\n\t<a href=\"https:\/\/www.linkedin.com\/posts\/eszag-kalibrierservice-vorortkalibrierung-ugcPost-7444631706076291072-vC3G?utm_source=share&#038;utm_medium=member_desktop&#038;rcm=ACoAADMd1nAB2FaZ8HDgZ72uM-JhgeLXGBYY9OU\" class=\"btn btn-default btn-sm circle btn-bordered border-thin liquid-lp-read-more\" target=\"_blank\" rel=\"noopener\">\n\t\t<span>\n\t\t\t<span class=\"btn-txt\">Read more<\/span>\n\t\t\t<span class=\"btn-icon\">\n\t\t\t\t<i class=\"fa fa-long-arrow-right\"><\/i>\n\t\t\t<\/span>\n\t\t<\/span>\n\t<\/a>\n<\/footer>\n  <\/div><\/article><\/div><div class=\"col-md-4\"><article id=\"post-59829\" class=\"liquid-lp post-59829 post type-post status-publish format-link has-post-thumbnail hentry category-unkategorisiert post_format-post-format-link\"><figure class=\"liquid-lp-media \"  ><a target=\"_blank\" href=\"https:\/\/www.linkedin.com\/feed\/update\/urn:li:activity:7442830956681641984\" rel=\"noopener\"><img loading=\"lazy\" decoding=\"async\" width=\"1140\" height=\"600\" src=\"data:image\/svg+xml;charset=utf-8,&lt;svg xmlns%3D&#039;http%3A%2F%2Fwww.w3.org%2F2000%2Fsvg&#039; viewBox%3D&#039;0 0 1140 600&#039;%2F&gt;\" class=\"attachment-liquid-featured-blog size-liquid-featured-blog ld-lazyload wp-post-image\" alt=\"News LinkedIn\" data-src=\"https:\/\/www.esz-ag.de\/wp-content\/uploads\/template-LinkedIn-Presseseite_quadratisch-grey-1140x600.jpg\" data-aspect=\"1.9\" srcset=\"\" title=\"\"><\/a><\/figure><a target=\"_blank\" href=\"https:\/\/www.linkedin.com\/feed\/update\/urn:li:activity:7442830956681641984\" class=\"liquid-overlay-link\" rel=\"noopener\">Das Wichtigste zur Kalibrierung Ihrer Messtechnik<\/a><div>\n<header class=\"liquid-lp-header\">\n\t<h2 class=\"entry-title liquid-lp-title h4\"><a target=\"_blank\" href=\"https:\/\/www.linkedin.com\/feed\/update\/urn:li:activity:7442830956681641984\" rel=\"bookmark noopener\">Das Wichtigste zur Kalibrierung Ihrer Messtechnik<\/a><\/h2>\t<time class=\"published updated liquid-lp-date text-uppercase size-sm\" datetime=\"2026-03-27T09:37:25+01:00\">27. March 2026<\/time><\/header>\n\n\t\t\t<div class=\"liquid-lp-excerpt entry-summary \">\n\t\t\t\t<p>Glauben Sie, Sie wissen bereits alles Wichtige rund um die Kalibrierung Ihrer Messtechnik? Finden wir&#8230;<\/p>\n\t\t\t<\/div><!-- \/.latest-post-excerpt -->\n\t\t\n<footer class=\"liquid-lp-footer\">\n\t<a href=\"https:\/\/www.linkedin.com\/feed\/update\/urn:li:activity:7442830956681641984\" class=\"btn btn-default btn-sm circle btn-bordered border-thin liquid-lp-read-more\" target=\"_blank\" rel=\"noopener\">\n\t\t<span>\n\t\t\t<span class=\"btn-txt\">Read more<\/span>\n\t\t\t<span class=\"btn-icon\">\n\t\t\t\t<i class=\"fa fa-long-arrow-right\"><\/i>\n\t\t\t<\/span>\n\t\t<\/span>\n\t<\/a>\n<\/footer>\n  <\/div><\/article><\/div><div class=\"col-md-4\"><article id=\"post-59813\" class=\"liquid-lp post-59813 post type-post status-publish format-link has-post-thumbnail hentry category-unkategorisiert post_format-post-format-link\"><figure class=\"liquid-lp-media \"  ><a target=\"_blank\" href=\"https:\/\/www.linkedin.com\/feed\/update\/urn:li:activity:7442107187180642306\" rel=\"noopener\"><img loading=\"lazy\" decoding=\"async\" width=\"1140\" height=\"600\" src=\"data:image\/svg+xml;charset=utf-8,&lt;svg xmlns%3D&#039;http%3A%2F%2Fwww.w3.org%2F2000%2Fsvg&#039; viewBox%3D&#039;0 0 1140 600&#039;%2F&gt;\" class=\"attachment-liquid-featured-blog size-liquid-featured-blog ld-lazyload wp-post-image\" alt=\"News LinkedIn\" data-src=\"https:\/\/www.esz-ag.de\/wp-content\/uploads\/template-LinkedIn-Presseseite_quadratisch-grey-1140x600.jpg\" data-aspect=\"1.9\" srcset=\"\" title=\"\"><\/a><\/figure><a target=\"_blank\" href=\"https:\/\/www.linkedin.com\/feed\/update\/urn:li:activity:7442107187180642306\" class=\"liquid-overlay-link\" rel=\"noopener\">Wir feiern 50 Jahre esz AG \u2013 mit einem Jubil\u00e4umslogo!<\/a><div>\n<header class=\"liquid-lp-header\">\n\t<h2 class=\"entry-title liquid-lp-title h4\"><a target=\"_blank\" href=\"https:\/\/www.linkedin.com\/feed\/update\/urn:li:activity:7442107187180642306\" rel=\"bookmark noopener\">Wir feiern 50 Jahre esz AG \u2013 mit einem Jubil\u00e4umslogo!<\/a><\/h2>\t<time class=\"published updated liquid-lp-date text-uppercase size-sm\" datetime=\"2026-03-24T08:49:49+01:00\">24. March 2026<\/time><\/header>\n\n\t\t\t<div class=\"liquid-lp-excerpt entry-summary \">\n\t\t\t\t<p>Zum 50-j\u00e4hrigen Bestehen der esz AG calibration &amp; metrology haben wir uns ein schickes Jubil\u00e4umslogo&#8230;<\/p>\n\t\t\t<\/div><!-- \/.latest-post-excerpt -->\n\t\t\n<footer class=\"liquid-lp-footer\">\n\t<a href=\"https:\/\/www.linkedin.com\/feed\/update\/urn:li:activity:7442107187180642306\" class=\"btn btn-default btn-sm circle btn-bordered border-thin liquid-lp-read-more\" target=\"_blank\" rel=\"noopener\">\n\t\t<span>\n\t\t\t<span class=\"btn-txt\">Read more<\/span>\n\t\t\t<span class=\"btn-icon\">\n\t\t\t\t<i class=\"fa fa-long-arrow-right\"><\/i>\n\t\t\t<\/span>\n\t\t<\/span>\n\t<\/a>\n<\/footer>\n  <\/div><\/article><\/div><div class=\"col-md-4\"><article id=\"post-59795\" class=\"liquid-lp post-59795 post type-post status-publish format-link has-post-thumbnail hentry category-unkategorisiert post_format-post-format-link\"><figure class=\"liquid-lp-media \"  ><a target=\"_blank\" href=\"https:\/\/www.linkedin.com\/feed\/update\/urn:li:activity:7440336771466543104\" rel=\"noopener\"><img loading=\"lazy\" decoding=\"async\" width=\"1140\" height=\"600\" src=\"data:image\/svg+xml;charset=utf-8,&lt;svg xmlns%3D&#039;http%3A%2F%2Fwww.w3.org%2F2000%2Fsvg&#039; viewBox%3D&#039;0 0 1140 600&#039;%2F&gt;\" class=\"attachment-liquid-featured-blog size-liquid-featured-blog ld-lazyload wp-post-image\" alt=\"News LinkedIn\" data-src=\"https:\/\/www.esz-ag.de\/wp-content\/uploads\/template-LinkedIn-Presseseite_quadratisch-grey-1140x600.jpg\" data-aspect=\"1.9\" srcset=\"\" title=\"\"><\/a><\/figure><a target=\"_blank\" href=\"https:\/\/www.linkedin.com\/feed\/update\/urn:li:activity:7440336771466543104\" class=\"liquid-overlay-link\" rel=\"noopener\">Start f\u00fcr den esz-Neustarter-Stammtisch!<\/a><div>\n<header class=\"liquid-lp-header\">\n\t<h2 class=\"entry-title liquid-lp-title h4\"><a target=\"_blank\" href=\"https:\/\/www.linkedin.com\/feed\/update\/urn:li:activity:7440336771466543104\" rel=\"bookmark noopener\">Start f\u00fcr den esz-Neustarter-Stammtisch!<\/a><\/h2>\t<time class=\"published updated liquid-lp-date text-uppercase size-sm\" datetime=\"2026-03-19T12:29:37+01:00\">19. March 2026<\/time><\/header>\n\n\t\t\t<div class=\"liquid-lp-excerpt entry-summary \">\n\t\t\t\t<p>Miteinander ins Gespr\u00e4ch kommen, Fragen stellen und eine gute Zeit haben \u2013 darum geht es&#8230;<\/p>\n\t\t\t<\/div><!-- \/.latest-post-excerpt -->\n\t\t\n<footer class=\"liquid-lp-footer\">\n\t<a href=\"https:\/\/www.linkedin.com\/feed\/update\/urn:li:activity:7440336771466543104\" class=\"btn btn-default btn-sm circle btn-bordered border-thin liquid-lp-read-more\" target=\"_blank\" rel=\"noopener\">\n\t\t<span>\n\t\t\t<span class=\"btn-txt\">Read more<\/span>\n\t\t\t<span class=\"btn-icon\">\n\t\t\t\t<i class=\"fa fa-long-arrow-right\"><\/i>\n\t\t\t<\/span>\n\t\t<\/span>\n\t<\/a>\n<\/footer>\n  <\/div><\/article><\/div><\/div><!--\/ .row --><div class=\"page-nav\"><nav aria-label=\"Page navigation\"><ul class=\"pagination\"><li><span aria-current=\"page\" class=\"page-numbers current\">1<\/span><\/li>\n\t<li><a class=\"page-numbers\" href=\"https:\/\/www.esz-ag.de\/en\/wp-json\/wp\/v2\/pages\/54207\/page\/2\/?ajaxify=1\">2<\/a><\/li>\n\t<li><a class=\"page-numbers\" href=\"https:\/\/www.esz-ag.de\/en\/wp-json\/wp\/v2\/pages\/54207\/page\/3\/?ajaxify=1\">3<\/a><\/li>\n\t<li><span class=\"page-numbers dots\">&hellip;<\/span><\/li>\n\t<li><a class=\"page-numbers\" href=\"https:\/\/www.esz-ag.de\/en\/wp-json\/wp\/v2\/pages\/54207\/page\/10\/?ajaxify=1\">10<\/a><\/li>\n\t<li><a class=\"next page-numbers\" href=\"https:\/\/www.esz-ag.de\/en\/wp-json\/wp\/v2\/pages\/54207\/page\/2\/?ajaxify=1\"><span aria-hidden=\"true\"><i class=\"fa fa-angle-right\"><\/i><\/span><\/a><\/li><\/ul><\/nav><\/div><\/div><!--\/ .liquid-blog-posts -->[\/vc_column][\/vc_row][vc_row][vc_column offset=&#8221;vc_col-md-offset-1 vc_col-md-10&#8243;][vc_column_text]<\/p>\n<h2>Latest press releases<\/h2>\n<p>[\/vc_column_text][vc_column_text]<table id=\"dlp_14f6f318c8616c2f_1\" class=\"posts-data-table\" width=\"100%\" data-config=\"{&quot;pageLength&quot;:20,&quot;pagingType&quot;:&quot;numbers&quot;,&quot;serverSide&quot;:false,&quot;autoWidth&quot;:true,&quot;clickFilter&quot;:true,&quot;scrollOffset&quot;:15,&quot;resetButton&quot;:false,&quot;lengthMenu&quot;:[[10,20,25,50,100,-1],[10,20,25,50,100,&quot;All&quot;]],&quot;columnDefs&quot;:[{&quot;className&quot;:&quot;col-title&quot;,&quot;targets&quot;:0},{&quot;className&quot;:&quot;col-link&quot;,&quot;targets&quot;:1}],&quot;responsive&quot;:{&quot;details&quot;:{&quot;display&quot;:&quot;child_row&quot;}},&quot;language&quot;:{&quot;info&quot;:&quot;_TOTAL_ documents&quot;,&quot;infoEmpty&quot;:&quot;0 documents&quot;,&quot;emptyTable&quot;:&quot;No matching documents.&quot;,&quot;zeroRecords&quot;:&quot;No matching documents.&quot;,&quot;totalsSingle&quot;:&quot;document&quot;,&quot;totalsPlural&quot;:&quot;documents&quot;},&quot;dom&quot;:&quot;&lt;\\&quot;posts-table-wrapper ave\\&quot;&lt;\\&quot;posts-table-above posts-table-controls\\&quot;f&gt;t&lt;\\&quot;posts-table-below posts-table-controls\\&quot;lp&gt;&gt;&quot;,&quot;multiDownloadButton&quot;:false,&quot;multiDownloadPosition&quot;:&quot;above&quot;,&quot;multiDownloadText&quot;:&quot;Download Selected Documents&quot;}\" data-filters=\"false\" data-order=\"[]\"><thead><tr><th class=\"all\" data-name=\"title\" data-orderable=\"true\" data-searchable=\"true\" data-priority=\"1\">Datei<\/th><th data-name=\"link\" data-orderable=\"false\" data-searchable=\"false\" data-priority=\"10\"><\/th><\/tr><\/thead><tbody><tr id=\"post-row-57587\" class=\"post-row post-type-dlp_document dlp_document-57587 publish\"><td><a href=\"https:\/\/www.esz-ag.de\/en\/presse\/document\/press-release-esz-ag-is-an-accredited-provider-of-proficiency-tests\/\">Press Release &#8211; esz AG is an accredited provider of proficiency tests<\/a><\/td><td><div class=\"dlp-table-document-link-wrap\"><\/div><\/td><\/tr><tr id=\"post-row-56186\" class=\"post-row post-type-dlp_document dlp_document-56186 publish\"><td><a href=\"https:\/\/www.esz-ag.de\/en\/presse\/document\/neue-dakks-standortakkreditierung-fuer-die-esz-ag\/\">Neue DAkkS-Standortakkreditierung f\u00fcr die esz AG<\/a><\/td><td><div class=\"dlp-table-document-link-wrap\"><\/div><\/td><\/tr><tr id=\"post-row-56113\" class=\"post-row post-type-dlp_document dlp_document-56113 publish\"><td><a href=\"https:\/\/www.esz-ag.de\/en\/presse\/document\/esz-ag-auf-der-electronica24\/\">esz AG auf der electronica24<\/a><\/td><td><div class=\"dlp-table-document-link-wrap\"><\/div><\/td><\/tr><tr id=\"post-row-55922\" class=\"post-row post-type-dlp_document dlp_document-55922 publish\"><td><a href=\"https:\/\/www.esz-ag.de\/en\/presse\/document\/oekoprofit-zu-gast-bei-der-esz-ag\/\">\u00d6KOPROFIT zu Gast bei der esz AG<\/a><\/td><td><div class=\"dlp-table-document-link-wrap\"><\/div><\/td><\/tr><tr id=\"post-row-53578\" class=\"post-row post-type-dlp_document dlp_document-53578 publish\"><td><a href=\"https:\/\/www.esz-ag.de\/en\/presse\/document\/pressemitteilung-esz-ag-bezieht-neue-niederlassung-in-wien\/\">Pressemitteilung &#8211; esz AG bezieht neue Niederlassung in Wien<\/a><\/td><td><div class=\"dlp-table-document-link-wrap\"><\/div><\/td><\/tr><tr id=\"post-row-53572\" class=\"post-row post-type-dlp_document dlp_document-53572 publish\"><td><a href=\"https:\/\/www.esz-ag.de\/en\/presse\/document\/die-esz-ag-kalibriert-jetzt-auch-in-budapest\/\">Die esz AG kalibriert jetzt auch in Budapest<\/a><\/td><td><div class=\"dlp-table-document-link-wrap\"><\/div><\/td><\/tr><tr id=\"post-row-46931\" class=\"post-row post-type-dlp_document dlp_document-46931 publish\"><td><a href=\"https:\/\/www.esz-ag.de\/en\/presse\/document\/pressemitteilung-neue-richtlinie-zur-kalibrierung-von-funktionsgeneratoren\/\">Pressemitteilung   neue richtlinie zur kalibrierung von funktionsgeneratoren<\/a><\/td><td><div class=\"dlp-table-document-link-wrap\"><\/div><\/td><\/tr><tr id=\"post-row-46928\" class=\"post-row post-type-dlp_document dlp_document-46928 publish\"><td><a href=\"https:\/\/www.esz-ag.de\/en\/presse\/document\/pressemitteilung-neuer-calibration-expert-network-partner\/\">Pressemitteilung   Neuer calibration expert network Partner<\/a><\/td><td><div class=\"dlp-table-document-link-wrap\"><\/div><\/td><\/tr><tr id=\"post-row-46925\" class=\"post-row post-type-dlp_document dlp_document-46925 publish\"><td><a href=\"https:\/\/www.esz-ag.de\/en\/presse\/document\/pressemitteilung-neue-messplaetze-im-drucklabor\/\">Pressemitteilung   neue messplaetze im drucklabor<\/a><\/td><td><div class=\"dlp-table-document-link-wrap\"><\/div><\/td><\/tr><tr id=\"post-row-46922\" class=\"post-row post-type-dlp_document dlp_document-46922 publish\"><td><a href=\"https:\/\/www.esz-ag.de\/en\/presse\/document\/pressemitteilung-neue-akkreditierte-kalibrierungen-bei-der-esz-ag-1\/\">Pressemitteilung   Neue akkreditierte Kalibrierungen bei der esz AG (1)<\/a><\/td><td><div class=\"dlp-table-document-link-wrap\"><\/div><\/td><\/tr><tr id=\"post-row-46919\" class=\"post-row post-type-dlp_document dlp_document-46919 publish\"><td><a href=\"https:\/\/www.esz-ag.de\/en\/presse\/document\/pressemitteilung-ncsl-internationale-mitgliedschaft-2012-08-10\/\">Pressemitteilung   ncsl internationale mitgliedschaft 2012 08 10<\/a><\/td><td><div class=\"dlp-table-document-link-wrap\"><\/div><\/td><\/tr><tr id=\"post-row-46916\" class=\"post-row post-type-dlp_document dlp_document-46916 publish\"><td><a href=\"https:\/\/www.esz-ag.de\/en\/presse\/document\/pressemitteilung-nationaler-ringvergleich-hf-leistung\/\">Pressemitteilung   nationaler ringvergleich hf leistung<\/a><\/td><td><div class=\"dlp-table-document-link-wrap\"><\/div><\/td><\/tr><tr id=\"post-row-46913\" class=\"post-row post-type-dlp_document dlp_document-46913 publish\"><td><a href=\"https:\/\/www.esz-ag.de\/en\/presse\/document\/pressemitteilung-munich-calibration-day-vorberichterstattung\/\">Pressemitteilung   munich calibration day vorberichterstattung<\/a><\/td><td><div class=\"dlp-table-document-link-wrap\"><\/div><\/td><\/tr><tr id=\"post-row-46910\" class=\"post-row post-type-dlp_document dlp_document-46910 publish\"><td><a href=\"https:\/\/www.esz-ag.de\/en\/presse\/document\/pressemitteilung-munich-calibration-day-2014-jetzt-anmelden\/\">Pressemitteilung   munich calibration day 2014 jetzt anmelden<\/a><\/td><td><div class=\"dlp-table-document-link-wrap\"><\/div><\/td><\/tr><tr id=\"post-row-46907\" class=\"post-row post-type-dlp_document dlp_document-46907 publish\"><td><a href=\"https:\/\/www.esz-ag.de\/en\/presse\/document\/pressemitteilung-munich_calibration_day_2016\/\">Pressemitteilung   Munich_Calibration_Day_2016<\/a><\/td><td><div class=\"dlp-table-document-link-wrap\"><\/div><\/td><\/tr><tr id=\"post-row-46904\" class=\"post-row post-type-dlp_document dlp_document-46904 publish\"><td><a href=\"https:\/\/www.esz-ag.de\/en\/presse\/document\/pressemitteilung-munich_calibration_day_2015\/\">Pressemitteilung   Munich_Calibration_Day_2015<\/a><\/td><td><div class=\"dlp-table-document-link-wrap\"><\/div><\/td><\/tr><tr id=\"post-row-46901\" class=\"post-row post-type-dlp_document dlp_document-46901 publish\"><td><a href=\"https:\/\/www.esz-ag.de\/en\/presse\/document\/pressemitteilung-munich-calibration-day-2020_vorbericht-3\/\">Pressemitteilung   Munich Calibration Day 2020_Vorbericht (3)<\/a><\/td><td><div class=\"dlp-table-document-link-wrap\"><\/div><\/td><\/tr><tr id=\"post-row-46898\" class=\"post-row post-type-dlp_document dlp_document-46898 publish\"><td><a href=\"https:\/\/www.esz-ag.de\/en\/presse\/document\/pressemitteilung-munich-calibration-day-2018_vorbericht\/\">Pressemitteilung   Munich Calibration Day 2018_Vorbericht<\/a><\/td><td><div class=\"dlp-table-document-link-wrap\"><\/div><\/td><\/tr><tr id=\"post-row-46895\" class=\"post-row post-type-dlp_document dlp_document-46895 publish\"><td><a href=\"https:\/\/www.esz-ag.de\/en\/presse\/document\/pressemitteilung-munich-calibration-day-vorbericht\/\">Pressemitteilung   Munich Calibration Day   Vorbericht<\/a><\/td><td><div class=\"dlp-table-document-link-wrap\"><\/div><\/td><\/tr><tr id=\"post-row-46892\" class=\"post-row post-type-dlp_document dlp_document-46892 publish\"><td><a href=\"https:\/\/www.esz-ag.de\/en\/presse\/document\/pressemitteilung-muenchner_kalibrierlabor_erste_dakks-akkreditierung_kalibrierung_bremspruefstaenden\/\">Pressemitteilung   Muenchner_Kalibrierlabor_erste_DAkkS Akkreditierung_Kalibrierung_Bremspruefstaenden<\/a><\/td><td><div class=\"dlp-table-document-link-wrap\"><\/div><\/td><\/tr><tr id=\"post-row-46889\" class=\"post-row post-type-dlp_document dlp_document-46889 publish\"><td><a href=\"https:\/\/www.esz-ag.de\/en\/presse\/document\/pressemitteilung-mit-der-waermebildkamera-auf-fehlersuche\/\">Pressemitteilung   Mit der W\u00e4rmebildkamera auf Fehlersuche<\/a><\/td><td><div class=\"dlp-table-document-link-wrap\"><\/div><\/td><\/tr><tr id=\"post-row-46886\" class=\"post-row post-type-dlp_document dlp_document-46886 publish\"><td><a href=\"https:\/\/www.esz-ag.de\/en\/presse\/document\/pressemitteilung-mehr-raum-fuer-neue-herausforderungen\/\">Pressemitteilung   Mehr Raum f\u00fcr neue Herausforderungen<\/a><\/td><td><div class=\"dlp-table-document-link-wrap\"><\/div><\/td><\/tr><tr id=\"post-row-46883\" class=\"post-row post-type-dlp_document dlp_document-46883 publish\"><td><a href=\"https:\/\/www.esz-ag.de\/en\/presse\/document\/pressemitteilung-leistungsportfolio-der-esz-ag_2017\/\">Pressemitteilung   Leistungsportfolio der esz AG_2017<\/a><\/td><td><div class=\"dlp-table-document-link-wrap\"><\/div><\/td><\/tr><tr id=\"post-row-46880\" class=\"post-row post-type-dlp_document dlp_document-46880 publish\"><td><a href=\"https:\/\/www.esz-ag.de\/en\/presse\/document\/pressemitteilung-laborerweiterung-2013-02-25\/\">Pressemitteilung   laborerweiterung 2013 02 25<\/a><\/td><td><div class=\"dlp-table-document-link-wrap\"><\/div><\/td><\/tr><tr id=\"post-row-46877\" class=\"post-row post-type-dlp_document dlp_document-46877 publish\"><td><a href=\"https:\/\/www.esz-ag.de\/en\/presse\/document\/pressemitteilung-kurzer-draht-fuer-die-region-nord-und-ost-2015-01-19\/\">Pressemitteilung   kurzer draht fuer die region nord und ost 2015 01 19<\/a><\/td><td><div class=\"dlp-table-document-link-wrap\"><\/div><\/td><\/tr><tr id=\"post-row-46874\" class=\"post-row post-type-dlp_document dlp_document-46874 publish\"><td><a href=\"https:\/\/www.esz-ag.de\/en\/presse\/document\/pressemitteilung-kalibrierung-von-oszilloskopen\/\">Pressemitteilung   kalibrierung von oszilloskopen<\/a><\/td><td><div class=\"dlp-table-document-link-wrap\"><\/div><\/td><\/tr><tr id=\"post-row-46871\" class=\"post-row post-type-dlp_document dlp_document-46871 publish\"><td><a href=\"https:\/\/www.esz-ag.de\/en\/presse\/document\/pressemitteilung-kalibrierung-von-hf-hochleistung-2011-03-18\/\">Pressemitteilung   kalibrierung von hf hochleistung 2011 03 18<\/a><\/td><td><div class=\"dlp-table-document-link-wrap\"><\/div><\/td><\/tr><tr id=\"post-row-46868\" class=\"post-row post-type-dlp_document dlp_document-46868 publish\"><td><a href=\"https:\/\/www.esz-ag.de\/en\/presse\/document\/pressemitteilung-kalibrierung-von-flugnavigationssystemen-2014-03-10\/\">Pressemitteilung   kalibrierung von flugnavigationssystemen 2014 03 10<\/a><\/td><td><div class=\"dlp-table-document-link-wrap\"><\/div><\/td><\/tr><tr id=\"post-row-46865\" class=\"post-row post-type-dlp_document dlp_document-46865 publish\"><td><a href=\"https:\/\/www.esz-ag.de\/en\/presse\/document\/pressemitteilung-kalibrierung-von-digitalsignalen-2010-11-10\/\">Pressemitteilung   kalibrierung von digitalsignalen 2010 11 10<\/a><\/td><td><div class=\"dlp-table-document-link-wrap\"><\/div><\/td><\/tr><tr id=\"post-row-46862\" class=\"post-row post-type-dlp_document dlp_document-46862 publish\"><td><a href=\"https:\/\/www.esz-ag.de\/en\/presse\/document\/pressemitteilung-kalibrierung-modularer-instrumentierung-bis-6-ghz-2011-05-16\/\">Pressemitteilung   kalibrierung modularer instrumentierung bis 6 ghz 2011 05 16<\/a><\/td><td><div class=\"dlp-table-document-link-wrap\"><\/div><\/td><\/tr><tr id=\"post-row-46859\" class=\"post-row post-type-dlp_document dlp_document-46859 publish\"><td><a href=\"https:\/\/www.esz-ag.de\/en\/presse\/document\/pressemitteilung-kalibrierung-mit-quantenspannungen-2013-11-11\/\">Pressemitteilung   kalibrierung mit quantenspannungen 2013 11 11<\/a><\/td><td><div class=\"dlp-table-document-link-wrap\"><\/div><\/td><\/tr><tr id=\"post-row-46856\" class=\"post-row post-type-dlp_document dlp_document-46856 publish\"><td><a href=\"https:\/\/www.esz-ag.de\/en\/presse\/document\/pressemitteilung-kalibrierpartner-fuer-averna-urt-serie-2013-06-12\/\">Pressemitteilung   kalibrierpartner fuer averna urt serie 2013 06 12<\/a><\/td><td><div class=\"dlp-table-document-link-wrap\"><\/div><\/td><\/tr><tr id=\"post-row-46853\" class=\"post-row post-type-dlp_document dlp_document-46853 publish\"><td><a href=\"https:\/\/www.esz-ag.de\/en\/presse\/document\/pressemitteilung-josephson-quantenkalibrator\/\">Pressemitteilung   josephson quantenkalibrator<\/a><\/td><td><div class=\"dlp-table-document-link-wrap\"><\/div><\/td><\/tr><tr id=\"post-row-46850\" class=\"post-row post-type-dlp_document dlp_document-46850 publish\"><td><a href=\"https:\/\/www.esz-ag.de\/en\/presse\/document\/pressemitteilung-international-congress-of-metrology-in-paris-deutsch\/\">Pressemitteilung   international congress of metrology in paris deutsch<\/a><\/td><td><div class=\"dlp-table-document-link-wrap\"><\/div><\/td><\/tr><tr id=\"post-row-46847\" class=\"post-row post-type-dlp_document dlp_document-46847 publish\"><td><a href=\"https:\/\/www.esz-ag.de\/en\/presse\/document\/pressemitteilung-industriepreis_2015-1\/\">Pressemitteilung   Industriepreis_2015 (1)<\/a><\/td><td><div class=\"dlp-table-document-link-wrap\"><\/div><\/td><\/tr><tr id=\"post-row-46844\" class=\"post-row post-type-dlp_document dlp_document-46844 publish\"><td><a href=\"https:\/\/www.esz-ag.de\/en\/presse\/document\/pressemitteilung-immer-einen-schritt-voraus-qr-codes-bei-esz-2015-01-08\/\">Pressemitteilung   immer einen schritt voraus qr codes bei esz 2015 01 08<\/a><\/td><td><div class=\"dlp-table-document-link-wrap\"><\/div><\/td><\/tr><tr id=\"post-row-46841\" class=\"post-row post-type-dlp_document dlp_document-46841 publish\"><td><a href=\"https:\/\/www.esz-ag.de\/en\/presse\/document\/pressemitteilung-im-rampenlicht-esz-ag-erhaelt-akkreditierung-fuer-sep\/\">Pressemitteilung   Im Rampenlicht   esz AG erh\u00e4lt Akkreditierung f\u00fcr SEP<\/a><\/td><td><div class=\"dlp-table-document-link-wrap\"><\/div><\/td><\/tr><tr id=\"post-row-46838\" class=\"post-row post-type-dlp_document dlp_document-46838 publish\"><td><a href=\"https:\/\/www.esz-ag.de\/en\/presse\/document\/pressemitteilung-high-end-kalibrierung-als-beitrag-auf-der-cpem-2012-07-03\/\">Pressemitteilung   high end kalibrierung als beitrag auf der cpem 2012 07 03<\/a><\/td><td><div class=\"dlp-table-document-link-wrap\"><\/div><\/td><\/tr><tr id=\"post-row-46835\" class=\"post-row post-type-dlp_document dlp_document-46835 publish\"><td><a href=\"https:\/\/www.esz-ag.de\/en\/presse\/document\/pressemitteilung-halbzeit-der-dakks-re-akkreditierungsbesuche-2012-04-05\/\">Pressemitteilung   halbzeit der dakks re akkreditierungsbesuche 2012 04 05<\/a><\/td><td><div class=\"dlp-table-document-link-wrap\"><\/div><\/td><\/tr><tr id=\"post-row-46832\" class=\"post-row post-type-dlp_document dlp_document-46832 publish\"><td><a href=\"https:\/\/www.esz-ag.de\/en\/presse\/document\/pressemitteilung-forschungsprojekt-erfolgreich-beendet\/\">Pressemitteilung   Forschungsprojekt erfolgreich beendet<\/a><\/td><td><div class=\"dlp-table-document-link-wrap\"><\/div><\/td><\/tr><tr id=\"post-row-46829\" class=\"post-row post-type-dlp_document dlp_document-46829 publish\"><td><a href=\"https:\/\/www.esz-ag.de\/en\/presse\/document\/pressemitteilung-finger-weg-vom-themometer-schulklasse-besucht-esz-ag\/\">Pressemitteilung   Finger weg vom Themometer   Schulklasse besucht esz AG<\/a><\/td><td><div class=\"dlp-table-document-link-wrap\"><\/div><\/td><\/tr><tr id=\"post-row-46826\" class=\"post-row post-type-dlp_document dlp_document-46826 publish\"><td><a href=\"https:\/\/www.esz-ag.de\/en\/presse\/document\/pressemitteilung-fachbeitrag-messunsicherheit\/\">Pressemitteilung   fachbeitrag messunsicherheit<\/a><\/td><td><div class=\"dlp-table-document-link-wrap\"><\/div><\/td><\/tr><tr id=\"post-row-46823\" class=\"post-row post-type-dlp_document dlp_document-46823 publish\"><td><a href=\"https:\/\/www.esz-ag.de\/en\/presse\/document\/pressemitteilung-esz-zieht-grosse-kreise-2009-11-03\/\">Pressemitteilung   esz zieht grosse kreise 2009 11 03<\/a><\/td><td><div class=\"dlp-table-document-link-wrap\"><\/div><\/td><\/tr><tr id=\"post-row-46820\" class=\"post-row post-type-dlp_document dlp_document-46820 publish\"><td><a href=\"https:\/\/www.esz-ag.de\/en\/presse\/document\/pressemitteilung-esz-erweitert-leistungsspektrum-2012-07-10\/\">Pressemitteilung   esz erweitert leistungsspektrum 2012 07 10<\/a><\/td><td><div class=\"dlp-table-document-link-wrap\"><\/div><\/td><\/tr><tr id=\"post-row-46817\" class=\"post-row post-type-dlp_document dlp_document-46817 publish\"><td><a href=\"https:\/\/www.esz-ag.de\/en\/presse\/document\/pressemitteilung-esz-als-bindeglied-zwischen-wissenschaft-und-industrie-2012-12-07\/\">Pressemitteilung   esz als bindeglied zwischen wissenschaft und industrie 2012 12 07<\/a><\/td><td><div class=\"dlp-table-document-link-wrap\"><\/div><\/td><\/tr><tr id=\"post-row-46814\" class=\"post-row post-type-dlp_document dlp_document-46814 publish\"><td><a href=\"https:\/\/www.esz-ag.de\/en\/presse\/document\/pressemitteilung-esz-ag-ist-certified-calibration-center-2011-11-22\/\">Pressemitteilung   esz ag ist certified calibration center 2011 11 22<\/a><\/td><td><div class=\"dlp-table-document-link-wrap\"><\/div><\/td><\/tr><tr id=\"post-row-46811\" class=\"post-row post-type-dlp_document dlp_document-46811 publish\"><td><a href=\"https:\/\/www.esz-ag.de\/en\/presse\/document\/pressemitteilung-esz-ag-hilf-vorort-2013-08-13\/\">Pressemitteilung   esz ag hilf vorort 2013 08 13<\/a><\/td><td><div class=\"dlp-table-document-link-wrap\"><\/div><\/td><\/tr><tr id=\"post-row-46808\" class=\"post-row post-type-dlp_document dlp_document-46808 publish\"><td><a href=\"https:\/\/www.esz-ag.de\/en\/presse\/document\/pressemitteilung-esz-ag-calibration-und-metrology-auf-dem-19\/\">Pressemitteilung   esz ag calibration und metrology auf dem 19<\/a><\/td><td><div class=\"dlp-table-document-link-wrap\"><\/div><\/td><\/tr><tr id=\"post-row-46805\" class=\"post-row post-type-dlp_document dlp_document-46805 publish\"><td><a href=\"https:\/\/www.esz-ag.de\/en\/presse\/document\/pressemitteilung-esz-ag-auf-vip-kongress-2012-2012-10-12\/\">Pressemitteilung   esz ag auf vip kongress 2012 2012 10 12<\/a><\/td><td><div class=\"dlp-table-document-link-wrap\"><\/div><\/td><\/tr><tr id=\"post-row-46802\" class=\"post-row post-type-dlp_document dlp_document-46802 publish\"><td><a href=\"https:\/\/www.esz-ag.de\/en\/presse\/document\/pressemitteilung-esz_investiert_in_neue_messplaetze\/\">Pressemitteilung   esz_investiert_in_neue_messplaetze<\/a><\/td><td><div class=\"dlp-table-document-link-wrap\"><\/div><\/td><\/tr><tr id=\"post-row-46799\" class=\"post-row post-type-dlp_document dlp_document-46799 publish\"><td><a href=\"https:\/\/www.esz-ag.de\/en\/presse\/document\/pressemitteilung-esz_gipfeltreffen_2019\/\">Pressemitteilung   esz_Gipfeltreffen_2019<\/a><\/td><td><div class=\"dlp-table-document-link-wrap\"><\/div><\/td><\/tr><tr id=\"post-row-46796\" class=\"post-row post-type-dlp_document dlp_document-46796 publish\"><td><a href=\"https:\/\/www.esz-ag.de\/en\/presse\/document\/pressemitteilung-esz-vergibt-geraete-id-400000\/\">Pressemitteilung   esz vergibt Ger\u00e4te ID 400000<\/a><\/td><td><div class=\"dlp-table-document-link-wrap\"><\/div><\/td><\/tr><tr id=\"post-row-46793\" class=\"post-row post-type-dlp_document dlp_document-46793 publish\"><td><a href=\"https:\/\/www.esz-ag.de\/en\/presse\/document\/pressemitteilung-esz-vergibt-geraete-id-300-000\/\">Pressemitteilung   esz vergibt Ger\u00e4te ID 300.000<\/a><\/td><td><div class=\"dlp-table-document-link-wrap\"><\/div><\/td><\/tr><tr id=\"post-row-46790\" class=\"post-row post-type-dlp_document dlp_document-46790 publish\"><td><a href=\"https:\/\/www.esz-ag.de\/en\/presse\/document\/pressemitteilung-esz-unterstuetzt-gemimeg-ii\/\">Pressemitteilung   esz unterst\u00fctzt GEMIMEG II<\/a><\/td><td><div class=\"dlp-table-document-link-wrap\"><\/div><\/td><\/tr><tr id=\"post-row-46787\" class=\"post-row post-type-dlp_document dlp_document-46787 publish\"><td><a href=\"https:\/\/www.esz-ag.de\/en\/presse\/document\/pressemitteilung-esz-mitarbeiter-spenden-fuer-wischgorod\/\">Pressemitteilung   esz Mitarbeiter spenden f\u00fcr Wischgorod<\/a><\/td><td><div class=\"dlp-table-document-link-wrap\"><\/div><\/td><\/tr><tr id=\"post-row-46784\" class=\"post-row post-type-dlp_document dlp_document-46784 publish\"><td><a href=\"https:\/\/www.esz-ag.de\/en\/presse\/document\/pressemitteilung-esz-fuer-kalibrierung-von-luxmetern-akkreditiert\/\">Pressemitteilung   esz f\u00fcr  Kalibrierung von Luxmetern akkreditiert<\/a><\/td><td><div class=\"dlp-table-document-link-wrap\"><\/div><\/td><\/tr><tr id=\"post-row-46781\" class=\"post-row post-type-dlp_document dlp_document-46781 publish\"><td><a href=\"https:\/\/www.esz-ag.de\/en\/presse\/document\/pressemitteilung-esz-feiert-45-geburtstag\/\">Pressemitteilung   esz feiert 45. Geburtstag<\/a><\/td><td><div class=\"dlp-table-document-link-wrap\"><\/div><\/td><\/tr><tr id=\"post-row-46778\" class=\"post-row post-type-dlp_document dlp_document-46778 publish\"><td><a href=\"https:\/\/www.esz-ag.de\/en\/presse\/document\/pressemitteilung-esz-erneut-unter-den-preistraegern-der-bayerns-best-50\/\">Pressemitteilung   esz erneut unter den Preistr\u00e4gern der BAYERNS BEST 50<\/a><\/td><td><div class=\"dlp-table-document-link-wrap\"><\/div><\/td><\/tr><tr id=\"post-row-46775\" class=\"post-row post-type-dlp_document dlp_document-46775 publish\"><td><a href=\"https:\/\/www.esz-ag.de\/en\/presse\/document\/pressemitteilung-esz-erhaelt-patent-fuer-calibration-expert\/\">Pressemitteilung   esz erh\u00e4lt Patent f\u00fcr calibration expert<\/a><\/td><td><div class=\"dlp-table-document-link-wrap\"><\/div><\/td><\/tr><tr id=\"post-row-46772\" class=\"post-row post-type-dlp_document dlp_document-46772 publish\"><td><a href=\"https:\/\/www.esz-ag.de\/en\/presse\/document\/pressemitteilung-esz-erhaelt-europaeisches-patent-fuer-calibration-expert\/\">Pressemitteilung   esz erh\u00e4lt europ\u00e4isches Patent f\u00fcr calibration expert<\/a><\/td><td><div class=\"dlp-table-document-link-wrap\"><\/div><\/td><\/tr><tr id=\"post-row-46769\" class=\"post-row post-type-dlp_document dlp_document-46769 publish\"><td><a href=\"https:\/\/www.esz-ag.de\/en\/presse\/document\/pressemitteilung-esz-bietet-kalibrierungen-nach-auek-vorgaben\/\">Pressemitteilung   esz bietet Kalibrierungen nach A\u00dcK Vorgaben<\/a><\/td><td><div class=\"dlp-table-document-link-wrap\"><\/div><\/td><\/tr><tr id=\"post-row-46766\" class=\"post-row post-type-dlp_document dlp_document-46766 publish\"><td><a href=\"https:\/\/www.esz-ag.de\/en\/presse\/document\/pressemitteilung-esz-auf-expansionskurs-neue-niederlassung-in-osteuropa\/\">Pressemitteilung   esz auf Expansionskurs   Neue Niederlassung in Osteuropa<\/a><\/td><td><div class=\"dlp-table-document-link-wrap\"><\/div><\/td><\/tr><tr id=\"post-row-46763\" class=\"post-row post-type-dlp_document dlp_document-46763 publish\"><td><a href=\"https:\/\/www.esz-ag.de\/en\/presse\/document\/pressemitteilung-esz-ag-wird-erstes-kalibrierlabor-im-asa-verband\/\">Pressemitteilung   esz AG wird erstes Kalibrierlabor im ASA Verband<\/a><\/td><td><div class=\"dlp-table-document-link-wrap\"><\/div><\/td><\/tr><tr id=\"post-row-46760\" class=\"post-row post-type-dlp_document dlp_document-46760 publish\"><td><a href=\"https:\/\/www.esz-ag.de\/en\/presse\/document\/pressemitteilung-esz-ag-unterstuetzt-nachbarschaftshilfe-eichenau\/\">Pressemitteilung   esz AG unterst\u00fctzt Nachbarschaftshilfe Eichenau<\/a><\/td><td><div class=\"dlp-table-document-link-wrap\"><\/div><\/td><\/tr><tr id=\"post-row-46757\" class=\"post-row post-type-dlp_document dlp_document-46757 publish\"><td><a href=\"https:\/\/www.esz-ag.de\/en\/presse\/document\/pressemitteilung-esz-ag-unterstuetzt-eichenauer-kranken-und-altenpflegeverein\/\">Pressemitteilung   esz AG unterst\u00fctzt Eichenauer Kranken  und Altenpflegeverein<\/a><\/td><td><div class=\"dlp-table-document-link-wrap\"><\/div><\/td><\/tr><tr id=\"post-row-46754\" class=\"post-row post-type-dlp_document dlp_document-46754 publish\"><td><a href=\"https:\/\/www.esz-ag.de\/en\/presse\/document\/pressemitteilung-esz-ag-und-siglent-technologies-erweitern-zusammenarbeit\/\">Pressemitteilung   esz AG und Siglent Technologies erweitern Zusammenarbeit<\/a><\/td><td><div class=\"dlp-table-document-link-wrap\"><\/div><\/td><\/tr><tr id=\"post-row-46751\" class=\"post-row post-type-dlp_document dlp_document-46751 publish\"><td><a href=\"https:\/\/www.esz-ag.de\/en\/presse\/document\/pressemitteilung-esz-ag-und-sherpa-bekraeftigen-zusammenarbeit\/\">Pressemitteilung   esz AG und Sherpa bekr\u00e4ftigen Zusammenarbeit<\/a><\/td><td><div class=\"dlp-table-document-link-wrap\"><\/div><\/td><\/tr><tr id=\"post-row-46748\" class=\"post-row post-type-dlp_document dlp_document-46748 publish\"><td><a href=\"https:\/\/www.esz-ag.de\/en\/presse\/document\/pressemitteilung-esz-ag-und-national-instruments-bekraeftigen-zusammenarbeit\/\">Pressemitteilung   esz AG und National Instruments bekr\u00e4ftigen Zusammenarbeit<\/a><\/td><td><div class=\"dlp-table-document-link-wrap\"><\/div><\/td><\/tr><tr id=\"post-row-46745\" class=\"post-row post-type-dlp_document dlp_document-46745 publish\"><td><a href=\"https:\/\/www.esz-ag.de\/en\/presse\/document\/pressemitteilung-esz-ag-mit-bayerischem-gruenderpreis-geehrt\/\">Pressemitteilung   esz AG mit Bayerischem Gr\u00fcnderpreis geehrt<\/a><\/td><td><div class=\"dlp-table-document-link-wrap\"><\/div><\/td><\/tr><tr id=\"post-row-46742\" class=\"post-row post-type-dlp_document dlp_document-46742 publish\"><td><a href=\"https:\/\/www.esz-ag.de\/en\/presse\/document\/pressemitteilung-esz-ag-kalibriert-truebungsfilter\/\">Pressemitteilung   esz AG kalibriert Tr\u00fcbungsfilter<\/a><\/td><td><div class=\"dlp-table-document-link-wrap\"><\/div><\/td><\/tr><tr id=\"post-row-46739\" class=\"post-row post-type-dlp_document dlp_document-46739 publish\"><td><a href=\"https:\/\/www.esz-ag.de\/en\/presse\/document\/pressemitteilung-esz-ag-ist-offizieller-partner-von-dracal-technologies\/\">Pressemitteilung   esz AG ist offizieller Partner von Dracal Technologies<\/a><\/td><td><div class=\"dlp-table-document-link-wrap\"><\/div><\/td><\/tr><tr id=\"post-row-46736\" class=\"post-row post-type-dlp_document dlp_document-46736 publish\"><td><a href=\"https:\/\/www.esz-ag.de\/en\/presse\/document\/pressemitteilung-esz-ag-ist-offizieller-anritsu-certified-service-partner\/\">Pressemitteilung   esz AG ist offizieller Anritsu Certified Service Partner<\/a><\/td><td><div class=\"dlp-table-document-link-wrap\"><\/div><\/td><\/tr><tr id=\"post-row-46733\" class=\"post-row post-type-dlp_document dlp_document-46733 publish\"><td><a href=\"https:\/\/www.esz-ag.de\/en\/presse\/document\/pressemitteilung-esz-ag-erweitert-geschaeftsleitung\/\">Pressemitteilung   esz AG erweitert Gesch\u00e4ftsleitung<\/a><\/td><td><div class=\"dlp-table-document-link-wrap\"><\/div><\/td><\/tr><tr id=\"post-row-46730\" class=\"post-row post-type-dlp_document dlp_document-46730 publish\"><td><a href=\"https:\/\/www.esz-ag.de\/en\/presse\/document\/pressemitteilung-esz-ag-eroeffnet-kalibrierlabor-in-berlin\/\">Pressemitteilung   esz AG er\u00f6ffnet Kalibrierlabor in Berlin<\/a><\/td><td><div class=\"dlp-table-document-link-wrap\"><\/div><\/td><\/tr><tr id=\"post-row-46727\" class=\"post-row post-type-dlp_document dlp_document-46727 publish\"><td><a href=\"https:\/\/www.esz-ag.de\/en\/presse\/document\/pressemitteilung-esz-ag-erhaelt-akkreditierungsurkunde-fuer-kalibrierung-von-abgasmessgeraeten\/\">Pressemitteilung   esz AG erh\u00e4lt Akkreditierungsurkunde f\u00fcr Kalibrierung von Abgasmessger\u00e4ten<\/a><\/td><td><div class=\"dlp-table-document-link-wrap\"><\/div><\/td><\/tr><tr id=\"post-row-46724\" class=\"post-row post-type-dlp_document dlp_document-46724 publish\"><td><a href=\"https:\/\/www.esz-ag.de\/en\/presse\/document\/pressemitteilung-esz-ag-beantragt-akkreditierung-fuer-kalibrierung-von-partikelanzahlkonzentration-1\/\">Pressemitteilung   esz AG beantragt Akkreditierung f\u00fcr Kalibrierung von Partikelanzahlkonzentration (1)<\/a><\/td><td><div class=\"dlp-table-document-link-wrap\"><\/div><\/td><\/tr><tr id=\"post-row-46721\" class=\"post-row post-type-dlp_document dlp_document-46721 publish\"><td><a href=\"https:\/\/www.esz-ag.de\/en\/presse\/document\/pressemitteilung-erweiterung-fuehrungsriege-2010-01-17\/\">Pressemitteilung   erweiterung fuehrungsriege 2010 01 17<\/a><\/td><td><div class=\"dlp-table-document-link-wrap\"><\/div><\/td><\/tr><tr id=\"post-row-46718\" class=\"post-row post-type-dlp_document dlp_document-46718 publish\"><td><a href=\"https:\/\/www.esz-ag.de\/en\/presse\/document\/pressemitteilung-erweiterung-des-serviceportfolios-2015-01-14\/\">Pressemitteilung   erweiterung des serviceportfolios 2015 01 14<\/a><\/td><td><div class=\"dlp-table-document-link-wrap\"><\/div><\/td><\/tr><tr id=\"post-row-46715\" class=\"post-row post-type-dlp_document dlp_document-46715 publish\"><td><a href=\"https:\/\/www.esz-ag.de\/en\/presse\/document\/pressemitteilung-erweiterung-der-akkreditierung\/\">Pressemitteilung   erweiterung der akkreditierung<\/a><\/td><td><div class=\"dlp-table-document-link-wrap\"><\/div><\/td><\/tr><tr id=\"post-row-46712\" class=\"post-row post-type-dlp_document dlp_document-46712 publish\"><td><a href=\"https:\/\/www.esz-ag.de\/en\/presse\/document\/pressemitteilung-erweiterung-beschleunigung-2009-12-17\/\">Pressemitteilung   erweiterung beschleunigung 2009 12 17<\/a><\/td><td><div class=\"dlp-table-document-link-wrap\"><\/div><\/td><\/tr><tr id=\"post-row-46709\" class=\"post-row post-type-dlp_document dlp_document-46709 publish\"><td><a href=\"https:\/\/www.esz-ag.de\/en\/presse\/document\/pressemitteilung-erfolgreiche-vergleichsmessungen-hf-2012-08-14\/\">Pressemitteilung   erfolgreiche vergleichsmessungen hf 2012 08 14<\/a><\/td><td><div class=\"dlp-table-document-link-wrap\"><\/div><\/td><\/tr><tr id=\"post-row-46706\" class=\"post-row post-type-dlp_document dlp_document-46706 publish\"><td><a href=\"https:\/\/www.esz-ag.de\/en\/presse\/document\/pressemitteilung-erfolgreiche-dakks-wiederholungsbegutachtung-2013-07-26\/\">Pressemitteilung   erfolgreiche dakks wiederholungsbegutachtung 2013 07 26<\/a><\/td><td><div class=\"dlp-table-document-link-wrap\"><\/div><\/td><\/tr><tr id=\"post-row-46703\" class=\"post-row post-type-dlp_document dlp_document-46703 publish\"><td><a href=\"https:\/\/www.esz-ag.de\/en\/presse\/document\/pressemitteilung-erfolgreiche-dakks-begutachtungen\/\">Pressemitteilung   erfolgreiche dakks begutachtungen<\/a><\/td><td><div class=\"dlp-table-document-link-wrap\"><\/div><\/td><\/tr><tr id=\"post-row-46700\" class=\"post-row post-type-dlp_document dlp_document-46700 publish\"><td><a href=\"https:\/\/www.esz-ag.de\/en\/presse\/document\/pressemitteilung-emv-messempfaenger-2009-11-09\/\">Pressemitteilung   emv messempfaenger 2009 11 09<\/a><\/td><td><div class=\"dlp-table-document-link-wrap\"><\/div><\/td><\/tr><tr id=\"post-row-46697\" class=\"post-row post-type-dlp_document dlp_document-46697 publish\"><td><a href=\"https:\/\/www.esz-ag.de\/en\/presse\/document\/pressemitteilung-durchflusskalbrierung-2010-06-01\/\">Pressemitteilung   durchflusskalbrierung 2010 06 01<\/a><\/td><td><div class=\"dlp-table-document-link-wrap\"><\/div><\/td><\/tr><tr id=\"post-row-46694\" class=\"post-row post-type-dlp_document dlp_document-46694 publish\"><td><a href=\"https:\/\/www.esz-ag.de\/en\/presse\/document\/pressemitteilung-dkd-fachausschuss-druck\/\">Pressemitteilung   dkd fachausschuss druck<\/a><\/td><td><div class=\"dlp-table-document-link-wrap\"><\/div><\/td><\/tr><tr id=\"post-row-46691\" class=\"post-row post-type-dlp_document dlp_document-46691 publish\"><td><a href=\"https:\/\/www.esz-ag.de\/en\/presse\/document\/pressemitteilung-dkd-fachausschuesse-2014\/\">Pressemitteilung   dkd fachausschuesse 2014<\/a><\/td><td><div class=\"dlp-table-document-link-wrap\"><\/div><\/td><\/tr><tr id=\"post-row-46688\" class=\"post-row post-type-dlp_document dlp_document-46688 publish\"><td><a href=\"https:\/\/www.esz-ag.de\/en\/presse\/document\/pressemitteilung-dkd-fachausschuesse-2013-2013-05-15\/\">Pressemitteilung   dkd fachausschuesse 2013 2013 05 15<\/a><\/td><td><div class=\"dlp-table-document-link-wrap\"><\/div><\/td><\/tr><tr id=\"post-row-46685\" class=\"post-row post-type-dlp_document dlp_document-46685 publish\"><td><a href=\"https:\/\/www.esz-ag.de\/en\/presse\/document\/pressemitteilung-die-esz-ag-stellt-sich-vor_2017\/\">Pressemitteilung   Die esz AG stellt sich vor_2017<\/a><\/td><td><div class=\"dlp-table-document-link-wrap\"><\/div><\/td><\/tr><tr id=\"post-row-46682\" class=\"post-row post-type-dlp_document dlp_document-46682 publish\"><td><a href=\"https:\/\/www.esz-ag.de\/en\/presse\/document\/pressemitteilung-daniel-herrmann-neuer-director-of-sales-marketing-emerging-markets\/\">Pressemitteilung   Daniel Herrmann neuer Director of Sales, Marketing &#038; Emerging Markets<\/a><\/td><td><div class=\"dlp-table-document-link-wrap\"><\/div><\/td><\/tr><tr id=\"post-row-46679\" class=\"post-row post-type-dlp_document dlp_document-46679 publish\"><td><a href=\"https:\/\/www.esz-ag.de\/en\/presse\/document\/pressemitteilung-dakks-erfolgreiche-erweiterung-2013-09-13\/\">Pressemitteilung   dakks erfolgreiche erweiterung 2013 09 13<\/a><\/td><td><div class=\"dlp-table-document-link-wrap\"><\/div><\/td><\/tr><tr id=\"post-row-46676\" class=\"post-row post-type-dlp_document dlp_document-46676 publish\"><td><a href=\"https:\/\/www.esz-ag.de\/en\/presse\/document\/pressemitteilung-dakks-akkreditierung\/\">Pressemitteilung   dakks akkreditierung<\/a><\/td><td><div class=\"dlp-table-document-link-wrap\"><\/div><\/td><\/tr><tr id=\"post-row-46673\" class=\"post-row post-type-dlp_document dlp_document-46673 publish\"><td><a href=\"https:\/\/www.esz-ag.de\/en\/presse\/document\/pressemitteilung-dakks-bestaetigt-kalibrierscheine-der-esz-ag-als-rueckfuehrungsnachweis\/\">Pressemitteilung   DAkkS best\u00e4tigt Kalibrierscheine der esz AG als R\u00fcckf\u00fchrungsnachweis<\/a><\/td><td><div class=\"dlp-table-document-link-wrap\"><\/div><\/td><\/tr><tr id=\"post-row-46670\" class=\"post-row post-type-dlp_document dlp_document-46670 publish\"><td><a href=\"https:\/\/www.esz-ag.de\/en\/presse\/document\/pressemitteilung-control-2014\/\">Pressemitteilung   control 2014<\/a><\/td><td><div class=\"dlp-table-document-link-wrap\"><\/div><\/td><\/tr><tr id=\"post-row-46667\" class=\"post-row post-type-dlp_document dlp_document-46667 publish\"><td><a href=\"https:\/\/www.esz-ag.de\/en\/presse\/document\/pressemitteilung-control-2013-04-05\/\">Pressemitteilung   control 2013 04 05<\/a><\/td><td><div class=\"dlp-table-document-link-wrap\"><\/div><\/td><\/tr><tr id=\"post-row-46664\" class=\"post-row post-type-dlp_document dlp_document-46664 publish\"><td><a href=\"https:\/\/www.esz-ag.de\/en\/presse\/document\/pressemitteilung-control-2012-04-04\/\">Pressemitteilung   control 2012 04 04<\/a><\/td><td><div class=\"dlp-table-document-link-wrap\"><\/div><\/td><\/tr><tr id=\"post-row-46661\" class=\"post-row post-type-dlp_document dlp_document-46661 publish\"><td><a href=\"https:\/\/www.esz-ag.de\/en\/presse\/document\/pressemitteilung-control-2010-02-25\/\">Pressemitteilung   control 2010 02 25<\/a><\/td><td><div class=\"dlp-table-document-link-wrap\"><\/div><\/td><\/tr><tr id=\"post-row-46658\" class=\"post-row post-type-dlp_document dlp_document-46658 publish\"><td><a href=\"https:\/\/www.esz-ag.de\/en\/presse\/document\/pressemitteilung-control-2016\/\">Pressemitteilung   Control 2016<\/a><\/td><td><div class=\"dlp-table-document-link-wrap\"><\/div><\/td><\/tr><tr id=\"post-row-46655\" class=\"post-row post-type-dlp_document dlp_document-46655 publish\"><td><a href=\"https:\/\/www.esz-ag.de\/en\/presse\/document\/pressemitteilung-calibration-expert-2010-04-30\/\">Pressemitteilung   calibration expert 2010 04 30<\/a><\/td><td><div class=\"dlp-table-document-link-wrap\"><\/div><\/td><\/tr><tr id=\"post-row-46652\" class=\"post-row post-type-dlp_document dlp_document-46652 publish\"><td><a href=\"https:\/\/www.esz-ag.de\/en\/presse\/document\/pressemitteilung-bundesfachtagung-ruhr-2010-esz-ag-schafft-vertrauen\/\">Pressemitteilung   bundesfachtagung ruhr 2010 esz ag schafft vertrauen<\/a><\/td><td><div class=\"dlp-table-document-link-wrap\"><\/div><\/td><\/tr><tr id=\"post-row-46649\" class=\"post-row post-type-dlp_document dlp_document-46649 publish\"><td><a href=\"https:\/\/www.esz-ag.de\/en\/presse\/document\/pressemitteilung-boehringer-2009-12-31\/\">Pressemitteilung   boehringer 2009 12 31<\/a><\/td><td><div class=\"dlp-table-document-link-wrap\"><\/div><\/td><\/tr><tr id=\"post-row-46646\" class=\"post-row post-type-dlp_document dlp_document-46646 publish\"><td><a href=\"https:\/\/www.esz-ag.de\/en\/presse\/document\/pressemitteilung-bewahrung-der-dkd-kalibrierung-2012-01-04\/\">Pressemitteilung   bewahrung der dkd kalibrierung 2012 01 04<\/a><\/td><td><div class=\"dlp-table-document-link-wrap\"><\/div><\/td><\/tr><tr id=\"post-row-46643\" class=\"post-row post-type-dlp_document dlp_document-46643 publish\"><td><a href=\"https:\/\/www.esz-ag.de\/en\/presse\/document\/pressemitteilung-bestnoten-nach-dakks-begutachtung\/\">Pressemitteilung   Bestnoten nach DAkkS Begutachtung<\/a><\/td><td><div class=\"dlp-table-document-link-wrap\"><\/div><\/td><\/tr><tr id=\"post-row-46640\" class=\"post-row post-type-dlp_document dlp_document-46640 publish\"><td><a href=\"https:\/\/www.esz-ag.de\/en\/presse\/document\/pressemitteilung-berlin-berlin-wir-kalibrieren-in-berlin\/\">Pressemitteilung   berlin berlin wir kalibrieren in berlin<\/a><\/td><td><div class=\"dlp-table-document-link-wrap\"><\/div><\/td><\/tr><tr id=\"post-row-46637\" class=\"post-row post-type-dlp_document dlp_document-46637 publish\"><td><a href=\"https:\/\/www.esz-ag.de\/en\/presse\/document\/pressemitteilung-bayerns-best-50-2011-07-29\/\">Pressemitteilung   bayerns best 50 2011 07 29<\/a><\/td><td><div class=\"dlp-table-document-link-wrap\"><\/div><\/td><\/tr><tr id=\"post-row-46634\" class=\"post-row post-type-dlp_document dlp_document-46634 publish\"><td><a href=\"https:\/\/www.esz-ag.de\/en\/presse\/document\/pressemitteilung-b2run-2014\/\">Pressemitteilung   b2run 2014<\/a><\/td><td><div class=\"dlp-table-document-link-wrap\"><\/div><\/td><\/tr><tr id=\"post-row-46631\" class=\"post-row post-type-dlp_document dlp_document-46631 publish\"><td><a href=\"https:\/\/www.esz-ag.de\/en\/presse\/document\/pressemitteilung-ausbildungsbetrieb-der-ihk-muenchenoberbayern\/\">Pressemitteilung   ausbildungsbetrieb der ihk muenchenoberbayern<\/a><\/td><td><div class=\"dlp-table-document-link-wrap\"><\/div><\/td><\/tr><tr id=\"post-row-46628\" class=\"post-row post-type-dlp_document dlp_document-46628 publish\"><td><a href=\"https:\/\/www.esz-ag.de\/en\/presse\/document\/pressemitteilung-auftaktveranstaltung-war-voller-erfolg-munich-calibration-day-2014\/\">Pressemitteilung   auftaktveranstaltung war voller erfolg munich calibration day 2014<\/a><\/td><td><div class=\"dlp-table-document-link-wrap\"><\/div><\/td><\/tr><tr id=\"post-row-46625\" class=\"post-row post-type-dlp_document dlp_document-46625 publish\"><td><a href=\"https:\/\/www.esz-ag.de\/en\/presse\/document\/pressemitteilung-auf-dem-weg-zu-europas-genaustem-kalibrierlabor\/\">Pressemitteilung   Auf dem Weg zu Europas genaustem Kalibrierlabor<\/a><\/td><td><div class=\"dlp-table-document-link-wrap\"><\/div><\/td><\/tr><tr id=\"post-row-46622\" class=\"post-row post-type-dlp_document dlp_document-46622 publish\"><td><a href=\"https:\/\/www.esz-ag.de\/en\/presse\/document\/pressemitteilung-anerkannte-dienstleistung-asset-expert-2010-05-31\/\">Pressemitteilung   anerkannte dienstleistung asset expert 2010 05 31<\/a><\/td><td><div class=\"dlp-table-document-link-wrap\"><\/div><\/td><\/tr><tr id=\"post-row-46619\" class=\"post-row post-type-dlp_document dlp_document-46619 publish\"><td><a href=\"https:\/\/www.esz-ag.de\/en\/presse\/document\/pressemitteilung-anamet-calibration-workshop\/\">Pressemitteilung   anamet calibration workshop<\/a><\/td><td><div class=\"dlp-table-document-link-wrap\"><\/div><\/td><\/tr><tr id=\"post-row-46616\" class=\"post-row post-type-dlp_document dlp_document-46616 publish\"><td><a href=\"https:\/\/www.esz-ag.de\/en\/presse\/document\/pressemitteilung-allianz-fuer-high-end-kalibrierung-2011-01-10\/\">Pressemitteilung   allianz fuer high end kalibrierung 2011 01 10<\/a><\/td><td><div class=\"dlp-table-document-link-wrap\"><\/div><\/td><\/tr><tr id=\"post-row-46613\" class=\"post-row post-type-dlp_document dlp_document-46613 publish\"><td><a href=\"https:\/\/www.esz-ag.de\/en\/presse\/document\/pressemitteilung-ac-josephson-spannungsstandard-bei-esz-2013-12-06\/\">Pressemitteilung   ac josephson spannungsstandard bei esz 2013 12 06<\/a><\/td><td><div class=\"dlp-table-document-link-wrap\"><\/div><\/td><\/tr><tr id=\"post-row-46610\" class=\"post-row post-type-dlp_document dlp_document-46610 publish\"><td><a href=\"https:\/\/www.esz-ag.de\/en\/presse\/document\/pressemitteilung-ac-josephson-kalibrierung-in-greifbarer-naehe-2013-06-20\/\">Pressemitteilung   ac josephson kalibrierung in greifbarer naehe 2013 06 20<\/a><\/td><td><div class=\"dlp-table-document-link-wrap\"><\/div><\/td><\/tr><tr id=\"post-row-46607\" class=\"post-row post-type-dlp_document dlp_document-46607 publish\"><td><a href=\"https:\/\/www.esz-ag.de\/en\/presse\/document\/pressemitteilung-acdc-josephson-quantenvoltmeter\/\">Pressemitteilung   acdc josephson quantenvoltmeter<\/a><\/td><td><div class=\"dlp-table-document-link-wrap\"><\/div><\/td><\/tr><tr id=\"post-row-46604\" class=\"post-row post-type-dlp_document dlp_document-46604 publish\"><td><a href=\"https:\/\/www.esz-ag.de\/en\/presse\/document\/pressemitteilung-2014-preise-werden-nicht-erhoeht-2014-02-03\/\">Pressemitteilung   2014 preise werden nicht erhoeht 2014 02 03<\/a><\/td><td><div class=\"dlp-table-document-link-wrap\"><\/div><\/td><\/tr><tr id=\"post-row-46601\" class=\"post-row post-type-dlp_document dlp_document-46601 publish\"><td><a href=\"https:\/\/www.esz-ag.de\/en\/presse\/document\/pressemitteilung_esz-vergibt-geraete-id-400000-1\/\">Pressemitteilung_esz vergibt Ger\u00e4te ID 400000 (1)<\/a><\/td><td><div class=\"dlp-table-document-link-wrap\"><\/div><\/td><\/tr><tr id=\"post-row-46598\" class=\"post-row post-type-dlp_document dlp_document-46598 publish\"><td><a href=\"https:\/\/www.esz-ag.de\/en\/presse\/document\/pressemitteilung_dakks-akkreditierungen-der-esz-ag-im-kfz-bereich\/\">Pressemitteilung_DAkkS Akkreditierungen der esz AG im Kfz Bereich<\/a><\/td><td><div class=\"dlp-table-document-link-wrap\"><\/div><\/td><\/tr><tr id=\"post-row-46595\" class=\"post-row post-type-dlp_document dlp_document-46595 publish\"><td><a href=\"https:\/\/www.esz-ag.de\/en\/presse\/document\/pressemitteilung-welttag_der_metrologie\/\">Pressemitteilung   Welttag_der_Metrologie<\/a><\/td><td><div class=\"dlp-table-document-link-wrap\"><\/div><\/td><\/tr><tr id=\"post-row-46592\" class=\"post-row post-type-dlp_document dlp_document-46592 publish\"><td><a href=\"https:\/\/www.esz-ag.de\/en\/presse\/document\/pressemitteilung-vergessen-gilt-nicht-2010-10-14\/\">Pressemitteilung   vergessen gilt nicht 2010 10 14<\/a><\/td><td><div class=\"dlp-table-document-link-wrap\"><\/div><\/td><\/tr><tr id=\"post-row-46589\" class=\"post-row post-type-dlp_document dlp_document-46589 publish\"><td><a href=\"https:\/\/www.esz-ag.de\/en\/presse\/document\/pressemitteilung-top-transfer-kraftkalibrierung-bis-50-kn\/\">Pressemitteilung   top transfer kraftkalibrierung bis 50 kn<\/a><\/td><td><div class=\"dlp-table-document-link-wrap\"><\/div><\/td><\/tr><tr id=\"post-row-46586\" class=\"post-row post-type-dlp_document dlp_document-46586 publish\"><td><a href=\"https:\/\/www.esz-ag.de\/en\/presse\/document\/pressemitteilung-teilnahme-an-ringvergleichen\/\">Pressemitteilung   teilnahme an ringvergleichen<\/a><\/td><td><div class=\"dlp-table-document-link-wrap\"><\/div><\/td><\/tr><tr id=\"post-row-46583\" class=\"post-row post-type-dlp_document dlp_document-46583 publish\"><td><a href=\"https:\/\/www.esz-ag.de\/en\/presse\/document\/pressemitteilung-sz_ag_stellt_kalibriersoftware_auf_der_control_2015_vor\/\">Pressemitteilung   sz_ag_stellt_kalibriersoftware_auf_der_control_2015_vor<\/a><\/td><td><div class=\"dlp-table-document-link-wrap\"><\/div><\/td><\/tr><tr id=\"post-row-46580\" class=\"post-row post-type-dlp_document dlp_document-46580 publish\"><td><a href=\"https:\/\/www.esz-ag.de\/en\/presse\/document\/pressemitteilung-syskap_esz-ag_knestel-gmbh-1\/\">Pressemitteilung   SYSKAP_esz AG_Knestel GmbH (1)<\/a><\/td><td><div class=\"dlp-table-document-link-wrap\"><\/div><\/td><\/tr><tr id=\"post-row-46577\" class=\"post-row post-type-dlp_document dlp_document-46577 publish\"><td><a href=\"https:\/\/www.esz-ag.de\/en\/presse\/document\/pressemitteilung-syskap\/\">Pressemitteilung   SYSKAP<\/a><\/td><td><div class=\"dlp-table-document-link-wrap\"><\/div><\/td><\/tr><tr id=\"post-row-46574\" class=\"post-row post-type-dlp_document dlp_document-46574 publish\"><td><a href=\"https:\/\/www.esz-ag.de\/en\/presse\/document\/pressemitteilung-ringvergleich-2009-12-21\/\">Pressemitteilung   ringvergleich 2009 12 21<\/a><\/td><td><div class=\"dlp-table-document-link-wrap\"><\/div><\/td><\/tr><tr id=\"post-row-46571\" class=\"post-row post-type-dlp_document dlp_document-46571 publish\"><td><a href=\"https:\/\/www.esz-ag.de\/en\/presse\/document\/pressemitteilung-richtlinie-vdi_vde-2623-2012-03-05\/\">Pressemitteilung   richtlinie vdi_vde 2623 2012 03 05<\/a><\/td><td><div class=\"dlp-table-document-link-wrap\"><\/div><\/td><\/tr><tr id=\"post-row-46568\" class=\"post-row post-type-dlp_document dlp_document-46568 publish\"><td><a href=\"https:\/\/www.esz-ag.de\/en\/presse\/document\/pressemitteilung-quanten-kalibrierung-im-industrielabor-2010-11-08\/\">Pressemitteilung   quanten kalibrierung im industrielabor 2010 11 08<\/a><\/td><td><div class=\"dlp-table-document-link-wrap\"><\/div><\/td><\/tr><tr id=\"post-row-46565\" class=\"post-row post-type-dlp_document dlp_document-46565 publish\"><td><a href=\"https:\/\/www.esz-ag.de\/en\/presse\/document\/pressemitteilung-qualifizierung-und-schulung-bei-esz-2013-05-17\/\">Pressemitteilung   qualifizierung und schulung bei esz 2013 05 17<\/a><\/td><td><div class=\"dlp-table-document-link-wrap\"><\/div><\/td><\/tr><tr id=\"post-row-46562\" class=\"post-row post-type-dlp_document dlp_document-46562 publish\"><td><a href=\"https:\/\/www.esz-ag.de\/en\/presse\/document\/pressemitteilung-praxisseminar-messunsicherheiten-der-ptb-2013-03-21\/\">Pressemitteilung   praxisseminar messunsicherheiten der ptb 2013 03 21<\/a><\/td><td><div class=\"dlp-table-document-link-wrap\"><\/div><\/td><\/tr><tr id=\"post-row-46559\" class=\"post-row post-type-dlp_document dlp_document-46559 publish\"><td><a href=\"https:\/\/www.esz-ag.de\/en\/presse\/document\/pressemitteilung-pm_munich-calibration-day-2020\/\">Pressemitteilung   PM_Munich Calibration Day 2020<\/a><\/td><td><div class=\"dlp-table-document-link-wrap\"><\/div><\/td><\/tr><tr id=\"post-row-46556\" class=\"post-row post-type-dlp_document dlp_document-46556 publish\"><td><a href=\"https:\/\/www.esz-ag.de\/en\/presse\/document\/pressemitteilung-platzvermessung-leicht-gemacht-sep-pro-1\/\">Pressemitteilung   Platzvermessung leicht gemacht   sep PRO (1)<\/a><\/td><td><div class=\"dlp-table-document-link-wrap\"><\/div><\/td><\/tr><tr id=\"post-row-46553\" class=\"post-row post-type-dlp_document dlp_document-46553 publish\"><td><a href=\"https:\/\/www.esz-ag.de\/en\/presse\/document\/pressemitteilung-osten-wird-genauer-2009-09-23\/\">Pressemitteilung   osten wird genauer 2009 09 23<\/a><\/td><td><div class=\"dlp-table-document-link-wrap\"><\/div><\/td><\/tr><tr id=\"post-row-46550\" class=\"post-row post-type-dlp_document dlp_document-46550 publish\"><td><a href=\"https:\/\/www.esz-ag.de\/en\/presse\/document\/pressemitteilung-normendschungel-kalibrierung-und-akkreditierung-2011-06-16\/\">Pressemitteilung   normendschungel kalibrierung und akkreditierung 2011 06 16<\/a><\/td><td><div class=\"dlp-table-document-link-wrap\"><\/div><\/td><\/tr><tr id=\"post-row-46547\" class=\"post-row post-type-dlp_document dlp_document-46547 publish\"><td><a href=\"https:\/\/www.esz-ag.de\/en\/presse\/document\/pressemitteilung-newsletter-aim-qute-euramet-emrp\/\">Pressemitteilung   newsletter aim qute euramet emrp<\/a><\/td><td><div class=\"dlp-table-document-link-wrap\"><\/div><\/td><\/tr><tr id=\"post-row-46544\" class=\"post-row post-type-dlp_document dlp_document-46544 publish\"><td><a href=\"https:\/\/www.esz-ag.de\/en\/presse\/document\/pressemitteilung-neue-wege-esz-ag-erweitert-die-serviceroute-2013-06-25\/\">Pressemitteilung   neue wege esz ag erweitert die serviceroute 2013 06 25<\/a><\/td><td><div class=\"dlp-table-document-link-wrap\"><\/div><\/td><\/tr><tr id=\"post-row-46541\" class=\"post-row post-type-dlp_document dlp_document-46541 publish\"><td><a href=\"https:\/\/www.esz-ag.de\/en\/presse\/document\/pressemitteilung-neue-webseite-ist-online\/\">Pressemitteilung   neue webseite ist online<\/a><\/td><td><div class=\"dlp-table-document-link-wrap\"><\/div><\/td><\/tr><tr id=\"post-row-46538\" class=\"post-row post-type-dlp_document dlp_document-46538 publish\"><td><a href=\"https:\/\/www.esz-ag.de\/en\/presse\/document\/pressemitteilung-neues-transfernormal-fuer-netzleistungs-kalibrierung-2013-10-31\/\">Pressemitteilung   neues transfernormal fuer netzleistungs kalibrierung 2013 10 31<\/a><\/td><td><div class=\"dlp-table-document-link-wrap\"><\/div><\/td><\/tr><\/tbody><\/table>[\/vc_column_text][\/vc_column][\/vc_row][vc_row css=&#8221;.vc_custom_1686567052869{margin-top: 100px !important;}&#8221;][vc_column offset=&#8221;vc_col-md-offset-1 vc_col-md-10&#8243;][vc_column_text]<\/p>\n<h2>Latest press review<\/h2>\n<p>[\/vc_column_text][vc_column_text]<table id=\"dlp_02ce7b94b1cd5c40_2\" class=\"posts-data-table\" width=\"100%\" data-config=\"{&quot;pageLength&quot;:20,&quot;pagingType&quot;:&quot;numbers&quot;,&quot;serverSide&quot;:false,&quot;autoWidth&quot;:true,&quot;clickFilter&quot;:true,&quot;scrollOffset&quot;:15,&quot;resetButton&quot;:false,&quot;lengthMenu&quot;:[[10,20,25,50,100,-1],[10,20,25,50,100,&quot;All&quot;]],&quot;columnDefs&quot;:[{&quot;className&quot;:&quot;col-title&quot;,&quot;targets&quot;:0},{&quot;className&quot;:&quot;col-link&quot;,&quot;targets&quot;:1}],&quot;responsive&quot;:{&quot;details&quot;:{&quot;display&quot;:&quot;child_row&quot;}},&quot;language&quot;:{&quot;info&quot;:&quot;_TOTAL_ documents&quot;,&quot;infoEmpty&quot;:&quot;0 documents&quot;,&quot;emptyTable&quot;:&quot;No matching documents.&quot;,&quot;zeroRecords&quot;:&quot;No matching documents.&quot;,&quot;totalsSingle&quot;:&quot;document&quot;,&quot;totalsPlural&quot;:&quot;documents&quot;},&quot;dom&quot;:&quot;&lt;\\&quot;posts-table-wrapper ave\\&quot;&lt;\\&quot;posts-table-above posts-table-controls\\&quot;f&gt;t&lt;\\&quot;posts-table-below posts-table-controls\\&quot;lp&gt;&gt;&quot;,&quot;multiDownloadButton&quot;:false,&quot;multiDownloadPosition&quot;:&quot;above&quot;,&quot;multiDownloadText&quot;:&quot;Download Selected Documents&quot;}\" data-filters=\"false\" data-order=\"[]\"><thead><tr><th class=\"all\" data-name=\"title\" data-orderable=\"true\" data-searchable=\"true\" data-priority=\"1\">Datei<\/th><th data-name=\"link\" data-orderable=\"false\" data-searchable=\"false\" data-priority=\"10\"><\/th><\/tr><\/thead><tbody><tr id=\"post-row-47019\" class=\"post-row post-type-dlp_document dlp_document-47019 publish\"><td><a href=\"https:\/\/www.esz-ag.de\/en\/presse\/document\/kfz-betrieb_weiser-riese_8_17\/\">kfz betrieb_Weiser Riese_8_17<\/a><\/td><td><div class=\"dlp-table-document-link-wrap\"><\/div><\/td><\/tr><tr id=\"post-row-47016\" class=\"post-row post-type-dlp_document dlp_document-47016 publish\"><td><a href=\"https:\/\/www.esz-ag.de\/en\/presse\/document\/kl-esz-ag-qz_2018_06_\/\">KL esz AG QZ_2018_06_<\/a><\/td><td><div class=\"dlp-table-document-link-wrap\"><\/div><\/td><\/tr><tr id=\"post-row-47013\" class=\"post-row post-type-dlp_document dlp_document-47013 publish\"><td><a href=\"https:\/\/www.esz-ag.de\/en\/presse\/document\/ncsli-march2014\/\">NCSLI march2014<\/a><\/td><td><div class=\"dlp-table-document-link-wrap\"><\/div><\/td><\/tr><tr id=\"post-row-47010\" class=\"post-row post-type-dlp_document dlp_document-47010 publish\"><td><a href=\"https:\/\/www.esz-ag.de\/en\/presse\/document\/partikelmessung-1\/\">Partikelmessung (1)<\/a><\/td><td><div class=\"dlp-table-document-link-wrap\"><\/div><\/td><\/tr><tr id=\"post-row-47007\" class=\"post-row post-type-dlp_document dlp_document-47007 publish\"><td><a href=\"https:\/\/www.esz-ag.de\/en\/presse\/document\/profi-werkstatt-net_cartesy-vertreibt-bremsenpruefstand_11-05-19\/\">Profi werkstatt.net_Cartesy vertreibt Bremsenpruefstand_11.05.19<\/a><\/td><td><div class=\"dlp-table-document-link-wrap\"><\/div><\/td><\/tr><tr id=\"post-row-47004\" class=\"post-row post-type-dlp_document dlp_document-47004 publish\"><td><a href=\"https:\/\/www.esz-ag.de\/en\/presse\/document\/profi-werkstatt_validierte_messverfahren_31-08-18_print-1\/\">Profi werkstatt_Validierte_Messverfahren_31.08.18_Print (1)<\/a><\/td><td><div class=\"dlp-table-document-link-wrap\"><\/div><\/td><\/tr><tr id=\"post-row-47001\" class=\"post-row post-type-dlp_document dlp_document-47001 publish\"><td><a href=\"https:\/\/www.esz-ag.de\/en\/presse\/document\/ptb-jahresbericht-2013\/\">PTB jahresbericht 2013<\/a><\/td><td><div class=\"dlp-table-document-link-wrap\"><\/div><\/td><\/tr><tr id=\"post-row-46998\" class=\"post-row post-type-dlp_document dlp_document-46998 publish\"><td><a href=\"https:\/\/www.esz-ag.de\/en\/presse\/document\/ptb-mitteilungen-2014-heft-2\/\">PTB mitteilungen 2014 heft 2<\/a><\/td><td><div class=\"dlp-table-document-link-wrap\"><\/div><\/td><\/tr><tr id=\"post-row-46995\" class=\"post-row post-type-dlp_document dlp_document-46995 publish\"><td><a href=\"https:\/\/www.esz-ag.de\/en\/presse\/document\/ptb-news-2013-2\/\">PTB news 2013 2<\/a><\/td><td><div class=\"dlp-table-document-link-wrap\"><\/div><\/td><\/tr><tr id=\"post-row-46992\" class=\"post-row post-type-dlp_document dlp_document-46992 publish\"><td><a href=\"https:\/\/www.esz-ag.de\/en\/presse\/document\/qz-12-2015-kalibrierung-von-dmm\/\">QZ 12 2015   Kalibrierung von DMM<\/a><\/td><td><div class=\"dlp-table-document-link-wrap\"><\/div><\/td><\/tr><tr id=\"post-row-46989\" class=\"post-row post-type-dlp_document dlp_document-46989 publish\"><td><a href=\"https:\/\/www.esz-ag.de\/en\/presse\/document\/qz-artikel-deutscher-kalibrierdienst-2010-04-26\/\">QZ artikel deutscher kalibrierdienst 2010 04 26<\/a><\/td><td><div class=\"dlp-table-document-link-wrap\"><\/div><\/td><\/tr><tr id=\"post-row-46986\" class=\"post-row post-type-dlp_document dlp_document-46986 publish\"><td><a href=\"https:\/\/www.esz-ag.de\/en\/presse\/document\/smt_12_201_munich-calibration-day\/\">SMT_12_201_Munich Calibration Day<\/a><\/td><td><div class=\"dlp-table-document-link-wrap\"><\/div><\/td><\/tr><tr id=\"post-row-46983\" class=\"post-row post-type-dlp_document dlp_document-46983 publish\"><td><a href=\"https:\/\/www.esz-ag.de\/en\/presse\/document\/akkreditierte-kalibrierungen-gemaess-auek-vorgaben-1\/\">Akkreditierte kalibrierungen gemaess auek vorgaben (1)<\/a><\/td><td><div class=\"dlp-table-document-link-wrap\"><\/div><\/td><\/tr><tr id=\"post-row-46980\" class=\"post-row post-type-dlp_document dlp_document-46980 publish\"><td><a href=\"https:\/\/www.esz-ag.de\/en\/presse\/document\/atz-extra-sep_2021\/\">ATZ extra SEP_2021<\/a><\/td><td><div class=\"dlp-table-document-link-wrap\"><\/div><\/td><\/tr><tr id=\"post-row-46977\" class=\"post-row post-type-dlp_document dlp_document-46977 publish\"><td><a href=\"https:\/\/www.esz-ag.de\/en\/presse\/document\/auto-service-praxis_genuegend-kapazitaeten_03-2019\/\">Auto Service Praxis_Gen\u00fcgend Kapazit\u00e4ten_03.2019<\/a><\/td><td><div class=\"dlp-table-document-link-wrap\"><\/div><\/td><\/tr><tr id=\"post-row-46974\" class=\"post-row post-type-dlp_document dlp_document-46974 publish\"><td><a href=\"https:\/\/www.esz-ag.de\/en\/presse\/document\/autohaus_interview_d-beuscher_11_2018\/\">AUTOHAUS_Interview_D.Beuscher_11_2018<\/a><\/td><td><div class=\"dlp-table-document-link-wrap\"><\/div><\/td><\/tr><tr id=\"post-row-46971\" class=\"post-row post-type-dlp_document dlp_document-46971 publish\"><td><a href=\"https:\/\/www.esz-ag.de\/en\/presse\/document\/bayerns-best-50-tz-2011-07-29\/\">Bayerns best 50 tz 2011 07 29<\/a><\/td><td><div class=\"dlp-table-document-link-wrap\"><\/div><\/td><\/tr><tr id=\"post-row-46968\" class=\"post-row post-type-dlp_document dlp_document-46968 publish\"><td><a href=\"https:\/\/www.esz-ag.de\/en\/presse\/document\/blog-vdi-de_29_06_21_sicher-ist-sicher\/\">blog.vdi.de_29_06_21_Sicher ist sicher<\/a><\/td><td><div class=\"dlp-table-document-link-wrap\"><\/div><\/td><\/tr><tr id=\"post-row-46965\" class=\"post-row post-type-dlp_document dlp_document-46965 publish\"><td><a href=\"https:\/\/www.esz-ag.de\/en\/presse\/document\/cal-lab-jan-2023\/\">Cal Lab Jan 2023<\/a><\/td><td><div class=\"dlp-table-document-link-wrap\"><\/div><\/td><\/tr><tr id=\"post-row-46962\" class=\"post-row post-type-dlp_document dlp_document-46962 publish\"><td><a href=\"https:\/\/www.esz-ag.de\/en\/presse\/document\/esz-ag-die-revolution-der-einheiten-qz_05_2019_-2\/\">esz AG Die Revolution der Einheiten QZ_05_2019_<\/a><\/td><td><div class=\"dlp-table-document-link-wrap\"><\/div><\/td><\/tr><tr id=\"post-row-46959\" class=\"post-row post-type-dlp_document dlp_document-46959 publish\"><td><a href=\"https:\/\/www.esz-ag.de\/en\/presse\/document\/esz-immer-die-richtigen-weichen-gestellt-qz_2019_03_\/\">esz Immer die richtigen Weichen gestellt QZ_2019_03_<\/a><\/td><td><div class=\"dlp-table-document-link-wrap\"><\/div><\/td><\/tr><tr id=\"post-row-46956\" class=\"post-row post-type-dlp_document dlp_document-46956 publish\"><td><a href=\"https:\/\/www.esz-ag.de\/en\/presse\/document\/esz-scheckuebergabe-ukraine_mm_22-03-2022\/\">esz Scheck\u00fcbergabe Ukraine_MM_22 03 2022<\/a><\/td><td><div class=\"dlp-table-document-link-wrap\"><\/div><\/td><\/tr><tr id=\"post-row-46953\" class=\"post-row post-type-dlp_document dlp_document-46953 publish\"><td><a href=\"https:\/\/www.esz-ag.de\/en\/presse\/document\/ffb-tagblatt_10-02-21\/\">FFB Tagblatt_10 02 21<\/a><\/td><td><div class=\"dlp-table-document-link-wrap\"><\/div><\/td><\/tr><tr id=\"post-row-46950\" class=\"post-row post-type-dlp_document dlp_document-46950 publish\"><td><a href=\"https:\/\/www.esz-ag.de\/en\/presse\/document\/gtue-expert-service-01-2017_s-10-12\/\">GT\u00dc EXPERT SERVICE 01.2017_S.10 12<\/a><\/td><td><div class=\"dlp-table-document-link-wrap\"><\/div><\/td><\/tr><tr id=\"post-row-46947\" class=\"post-row post-type-dlp_document dlp_document-46947 publish\"><td><a href=\"https:\/\/www.esz-ag.de\/en\/presse\/document\/kfz-betrieb-kalibrierung-scheinwerferpruefplaetze-2\/\">kfz betrieb Kalibrierung Scheinwerferpr\u00fcfpl\u00e4tze (2)<\/a><\/td><td><div class=\"dlp-table-document-link-wrap\"><\/div><\/td><\/tr><tr id=\"post-row-46944\" class=\"post-row post-type-dlp_document dlp_document-46944 publish\"><td><a href=\"https:\/\/www.esz-ag.de\/en\/presse\/document\/kfz-betrieb_120221_scheinwerferpruefplatz\/\">kfz betrieb_120221_Scheinwerferpr\u00fcfplatz<\/a><\/td><td><div class=\"dlp-table-document-link-wrap\"><\/div><\/td><\/tr><tr id=\"post-row-46941\" class=\"post-row post-type-dlp_document dlp_document-46941 publish\"><td><a href=\"https:\/\/www.esz-ag.de\/en\/presse\/document\/kfz-betrieb_bps_alles_ansichtssache_dez-17\/\">kfz Betrieb_BPS_Alles_Ansichtssache_Dez.17<\/a><\/td><td><div class=\"dlp-table-document-link-wrap\"><\/div><\/td><\/tr><tr id=\"post-row-46938\" class=\"post-row post-type-dlp_document dlp_document-46938 publish\"><td><a href=\"https:\/\/www.esz-ag.de\/en\/presse\/document\/kfz-betrieb_hu-scheinwerferrichtlinie_29-06-17\/\">kfz betrieb_HU Scheinwerferrichtlinie_29.06.17<\/a><\/td><td><div class=\"dlp-table-document-link-wrap\"><\/div><\/td><\/tr><tr id=\"post-row-46935\" class=\"post-row post-type-dlp_document dlp_document-46935 publish\"><td><a href=\"https:\/\/www.esz-ag.de\/en\/presse\/document\/kfz-betrieb_mehr-klarheit-in-der-kalibrierung-von-hu-pruefmitteln_1021221\/\">kfz betrieb_mehr klarheit in der kalibrierung von hu pruefmitteln_1021221<\/a><\/td><td><div class=\"dlp-table-document-link-wrap\"><\/div><\/td><\/tr><\/tbody><\/table>[\/vc_column_text][\/vc_column][\/vc_row]<\/p>\n<\/div>","protected":false},"excerpt":{"rendered":"<p>[vc_row][vc_column][vc_column_text] Press &amp; News [\/vc_column_text][\/vc_column][\/vc_row][vc_row][vc_column][vc_column_text css=&#8221;.vc_custom_1716366767436{margin-bottom: 50px !important;}&#8221;]Stay up to date: All the latest press&#8230;<\/p>\n","protected":false},"author":1,"featured_media":0,"parent":0,"menu_order":43,"comment_status":"closed","ping_status":"closed","template":"","meta":{"_acf_changed":false,"inline_featured_image":false,"footnotes":""},"class_list":["post-54207","page","type-page","status-publish","hentry"],"acf":[],"_links":{"self":[{"href":"https:\/\/www.esz-ag.de\/en\/wp-json\/wp\/v2\/pages\/54207","targetHints":{"allow":["GET"]}}],"collection":[{"href":"https:\/\/www.esz-ag.de\/en\/wp-json\/wp\/v2\/pages"}],"about":[{"href":"https:\/\/www.esz-ag.de\/en\/wp-json\/wp\/v2\/types\/page"}],"author":[{"embeddable":true,"href":"https:\/\/www.esz-ag.de\/en\/wp-json\/wp\/v2\/users\/1"}],"replies":[{"embeddable":true,"href":"https:\/\/www.esz-ag.de\/en\/wp-json\/wp\/v2\/comments?post=54207"}],"version-history":[{"count":3,"href":"https:\/\/www.esz-ag.de\/en\/wp-json\/wp\/v2\/pages\/54207\/revisions"}],"predecessor-version":[{"id":54793,"href":"https:\/\/www.esz-ag.de\/en\/wp-json\/wp\/v2\/pages\/54207\/revisions\/54793"}],"wp:attachment":[{"href":"https:\/\/www.esz-ag.de\/en\/wp-json\/wp\/v2\/media?parent=54207"}],"curies":[{"name":"wp","href":"https:\/\/api.w.org\/{rel}","templated":true}]}}